{"id":103,"date":"2020-07-12T15:24:06","date_gmt":"2020-07-12T15:24:06","guid":{"rendered":"http:\/\/cydordencalatrava.es\/?page_id=103"},"modified":"2020-07-12T17:42:33","modified_gmt":"2020-07-12T17:42:33","slug":"caballeros-y-damas-de-la-orden-de-calatrava","status":"publish","type":"page","link":"https:\/\/cydordencalatrava.es\/index.php\/caballeros-y-damas-de-la-orden-de-calatrava\/","title":{"rendered":"Caballeros y damas de la orden de calatrava"},"content":{"rendered":"<p>[smartslider3 slider=\u00bb3&#8243;]<\/p>\n<p>Somos una asociaci\u00f3n que decidimos dar a conocer la primera Orden militar espa\u00f1ola de una forma activa y visual, desde su Origen hasta la \u00e9poca\u00a0actual, mediante talleres (gastron\u00f3micos, deportivos y artesanales) e interpretaciones (militares y eclesi\u00e1sticas) ademas de realizar convivencias con otras asociaciones de recreaci\u00f3n, reviviendo las batallas que han ido forjando su historia, nuestra historia.<\/p>\n<p>Siempre que se habla de la Edad media y de caballeros nuestra mente evoca a esos grandes Templarios en las cruzadas vividas en las lejanas tierras de Jerusalen, pero no recordamos que nosotros como\u00a0pa\u00eds\u00a0de la vieja Europa hemos sido forjados con sangre, sudor y lagrimas.<\/p>\n<p>Pocos sabemos que en nuestra tierra se libro una gran cruzada la cual determino nuestra historia; uno de los grandes logros del cine, es que cuando se habla de cruzados lo primero que aparece en tu mente es un Templario, dejando en la sombra las otras ordenes militares como la de Santiago, Alcantara, Salvatierra y Calatrava todas estas fueron de origen espa\u00f1ol.<\/p>\n<p>Y nuestro trabajo es aportar ese granito de arena en el recuerdo de:<\/p>\n<p><strong>\u00a0LA ORDEN MILITAR DE CALATRAVA<\/strong><\/p>\n<figure class=\"wp-block-image\"><img loading=\"lazy\" decoding=\"async\" width=\"600\" height=\"575\" class=\"wp-image-7\" src=\"http:\/\/cydordencalatrava.es\/wp-content\/uploads\/2018\/12\/Cantigas_de_Santa_Maria.jpg\" sizes=\"auto, (max-width: 600px) 100vw, 600px\" srcset=\"http:\/\/cydordencalatrava.es\/wp-content\/uploads\/2018\/12\/Cantigas_de_Santa_Maria.jpg 600w, http:\/\/cydordencalatrava.es\/wp-content\/uploads\/2018\/12\/Cantigas_de_Santa_Maria-300x288.jpg 300w\" alt=\"\" \/><\/figure>\n<p>La pregunta que te puede estar surgiendo es:<\/p>\n<p><strong>\u00bfQu\u00e9 es la recreaci\u00f3n hist\u00f3rica?<\/strong><\/p>\n<p>Pues bien,\u00a0es una actividad en la cual los participantes recrean algunos aspectos de un evento o periodo hist\u00f3rico. Puede ser uno muy estrechamente definido, como una guerra u otro evento concreto, o uno de m\u00e1s amplia cobertura.<\/p>\n<p>Las actividades relacionadas a la \u201crecreaci\u00f3n\u201d no son nuevas. Los\u00a0<a href=\"https:\/\/es.wikipedia.org\/wiki\/Torneo_medieval\">torneos medievales<\/a>\u00a0ten\u00edan a veces temas romanos o m\u00e1s antiguos \u2014mientras que los Romanos mismos montaron recreaciones de famosas batallas navales (<a href=\"https:\/\/es.wikipedia.org\/wiki\/Naumaquia\">Naumaquia<\/a>) y terrestres dentro de sus coliseos como una forma de espect\u00e1culo p\u00fablico\u2014 y los\u00a0<a href=\"https:\/\/es.wikipedia.org\/wiki\/%C3%89poca_victoriana\">victorianos<\/a>\u00a0recrearon objetos medievales como tapices.<\/p>\n<p>El t\u00e9rmino\u00a0<em>historia viviente<\/em>\u00a0(<em>living history<\/em>, conforme a su denominaci\u00f3n en ingl\u00e9s), describe los intentos de traer la historia a la vida, ya sea para disfrute una audiencia o para el de los participantes mismos. La principal diferencia entre una recreaci\u00f3n y una actuaci\u00f3n dram\u00e1tica del periodo es el grado de inmersi\u00f3n y el monto de la improvisaci\u00f3n.<\/p>\n<p><strong>\u00bfEsta gente se disfraza de distintas cosas?<\/strong><\/p>\n<p>Aunque parezca rara la pregunta es la pregunta o el pensamiento mas com\u00fan; la respuesta es que\u00a0<strong>NO<\/strong>.<\/p>\n<p>Un\u00a0<strong>disfraz<\/strong>\u00a0es una\u00a0 vestimenta\u00a0dise\u00f1ada con el prop\u00f3sito de distraer o llamar la atenci\u00f3n con fines art\u00edsticos, religiosos, promocionales o de otro g\u00e9nero, estos\u00a0se utilizan de manera transitoria, en situaciones ajenas a la vida cotidiana\u200b en las que se aceptan ciertas transgresiones, como en los carnavales.\u00a0La funci\u00f3n del disfraz tambi\u00e9n puede ser la de ocultar la identidad o evitar que una persona sea reconocida.<\/p>\n<p><strong>Los recreadores se visten<\/strong>\u00a0al igual que cualquiera en esta \u00e9poca, con la diferencia que usan prendas de vestir de la \u00e9poca que quieren recrear tanto de forma civil, como militar.<\/p>\n<p>Lo mas com\u00fan es que los trajes tengan que ser confeccionados por artesanos pues es complicado encontrar en tiendas todas las partes que lo componen; desde los zapatos hasta el sombrero o tocado, al igual que con las prendas de armar para la parte militar, han de ser como las de la \u00e9poca que se recrea<strong>\u00a0\u201cno todo vale\u201d<\/strong>.<\/p>\n<p><strong>\u00bfQue es un recreador\/reconstructor?<\/strong><\/p>\n<p>Si busc\u00e1is por el maravilloso mundo de Internet encontrareis infinidad de definiciones que os llevaran a lo mismo un recreador o recreacionista es un animador socio cultural.<\/p>\n<p>Pues siguiendo esas definiciones nosotros no somos recepcionistas, pues no somos animadores socioculturales.<\/p>\n<p><strong>Somos reconstructores de la historia<\/strong>, realizamos la recreaci\u00f3n de un hecho sea bueno o malo, pero fue parte de nuestra historia y lo \u00fanico que se pretende es mostrarlo e instruir a la sociedad de lo que ocurri\u00f3 en ese momento con sus alegr\u00edas y sus penas, no buscamos animar a la gente ni buscamos ning\u00fan inter\u00e9s l\u00fadico, es un inter\u00e9s cultural y sociol\u00f3gico, las reconstrucciones o recreaciones son museos vivos donde la sociedad puede sumergirse en ese momento de la historia, de ah\u00ed que un buen recreador\/reconstructor poco a poco va estudiando la \u00e9poca que representa y a\u00f1ade d\u00eda a d\u00eda peque\u00f1os detalles a su ropa o a su taller, esto es una labor lenta y laboriosa ademas de costosa, pues todo se hace de una manera voluntaria por lo que el camino es largo, con el \u00fanico beneficio de conseguir la frase de \u201cnunca te acostaras sin saber una cosa mas\u201d.<\/p>\n","protected":false},"excerpt":{"rendered":"<p>[smartslider3 slider=\u00bb3&#8243;] Somos una asociaci\u00f3n que decidimos dar a conocer la primera Orden militar espa\u00f1ola de una forma activa y visual, desde su Origen hasta la \u00e9poca\u00a0actual, mediante talleres (gastron\u00f3micos, deportivos y artesanales) e interpretaciones (militares y eclesi\u00e1sticas) ademas de realizar convivencias con otras asociaciones de recreaci\u00f3n, reviviendo las batallas que han ido forjando su [&hellip;]<\/p>\n","protected":false},"author":1,"featured_media":0,"parent":0,"menu_order":0,"comment_status":"closed","ping_status":"closed","template":"templates\/template-cover.php","meta":{"footnotes":"","_links_to":"","_links_to_target":""},"class_list":["post-103","page","type-page","status-publish","hentry"],"yoast_head":"<!-- This site is optimized with the Yoast SEO plugin v17.8 - https:\/\/yoast.com\/wordpress\/plugins\/seo\/ -->\n<title>- Caballeros y damas de la orden de calatrava<\/title>\n<meta name=\"description\" content=\"La asociacion Nacional Caballeros y damas de la orden de calatrava combate por mostrar que la historia sigue viva. Recraciones, torneos, mercados y rodajes.\" \/>\n<meta name=\"robots\" content=\"index, follow, max-snippet:-1, max-image-preview:large, max-video-preview:-1\" \/>\n<link rel=\"canonical\" href=\"https:\/\/cydordencalatrava.es\/index.php\/caballeros-y-damas-de-la-orden-de-calatrava\/\" \/>\n<meta property=\"og:locale\" content=\"es_ES\" \/>\n<meta property=\"og:type\" content=\"article\" \/>\n<meta property=\"og:title\" content=\"- Caballeros y damas de la orden de calatrava\" \/>\n<meta property=\"og:description\" content=\"La asociacion Nacional Caballeros y damas de la orden de calatrava combate por mostrar que la historia sigue viva. Recraciones, torneos, mercados y rodajes.\" \/>\n<meta property=\"og:url\" content=\"https:\/\/cydordencalatrava.es\/index.php\/caballeros-y-damas-de-la-orden-de-calatrava\/\" \/>\n<meta property=\"og:site_name\" content=\"Caballeros y damas de la orden de calatrava\" \/>\n<meta property=\"article:modified_time\" content=\"2020-07-12T17:42:33+00:00\" \/>\n<meta property=\"og:image\" content=\"https:\/\/cydordencalatrava.es\/wp-content\/uploads\/2018\/12\/combate.jpg\" \/>\n\t<meta property=\"og:image:width\" content=\"960\" \/>\n\t<meta property=\"og:image:height\" content=\"719\" \/>\n<meta name=\"twitter:card\" content=\"summary_large_image\" \/>\n<meta name=\"twitter:label1\" content=\"Tiempo de lectura\" \/>\n\t<meta name=\"twitter:data1\" content=\"4 minutos\" \/>\n<script type=\"application\/ld+json\" class=\"yoast-schema-graph\">{\"@context\":\"https:\/\/schema.org\",\"@graph\":[{\"@type\":\"WebSite\",\"@id\":\"https:\/\/cydordencalatrava.es\/#website\",\"url\":\"https:\/\/cydordencalatrava.es\/\",\"name\":\"Caballeros y damas de la orden de calatrava\",\"description\":\"\",\"potentialAction\":[{\"@type\":\"SearchAction\",\"target\":{\"@type\":\"EntryPoint\",\"urlTemplate\":\"https:\/\/cydordencalatrava.es\/?s={search_term_string}\"},\"query-input\":\"required name=search_term_string\"}],\"inLanguage\":\"es\"},{\"@type\":\"ImageObject\",\"@id\":\"https:\/\/cydordencalatrava.es\/index.php\/caballeros-y-damas-de-la-orden-de-calatrava\/#primaryimage\",\"inLanguage\":\"es\",\"url\":\"http:\/\/cydordencalatrava.es\/wp-content\/uploads\/2018\/12\/Cantigas_de_Santa_Maria.jpg\",\"contentUrl\":\"http:\/\/cydordencalatrava.es\/wp-content\/uploads\/2018\/12\/Cantigas_de_Santa_Maria.jpg\"},{\"@type\":\"WebPage\",\"@id\":\"https:\/\/cydordencalatrava.es\/index.php\/caballeros-y-damas-de-la-orden-de-calatrava\/#webpage\",\"url\":\"https:\/\/cydordencalatrava.es\/index.php\/caballeros-y-damas-de-la-orden-de-calatrava\/\",\"name\":\"- Caballeros y damas de la orden de calatrava\",\"isPartOf\":{\"@id\":\"https:\/\/cydordencalatrava.es\/#website\"},\"primaryImageOfPage\":{\"@id\":\"https:\/\/cydordencalatrava.es\/index.php\/caballeros-y-damas-de-la-orden-de-calatrava\/#primaryimage\"},\"datePublished\":\"2020-07-12T15:24:06+00:00\",\"dateModified\":\"2020-07-12T17:42:33+00:00\",\"description\":\"La asociacion Nacional Caballeros y damas de la orden de calatrava combate por mostrar que la historia sigue viva. Recraciones, torneos, mercados y rodajes.\",\"breadcrumb\":{\"@id\":\"https:\/\/cydordencalatrava.es\/index.php\/caballeros-y-damas-de-la-orden-de-calatrava\/#breadcrumb\"},\"inLanguage\":\"es\",\"potentialAction\":[{\"@type\":\"ReadAction\",\"target\":[\"https:\/\/cydordencalatrava.es\/index.php\/caballeros-y-damas-de-la-orden-de-calatrava\/\"]}]},{\"@type\":\"BreadcrumbList\",\"@id\":\"https:\/\/cydordencalatrava.es\/index.php\/caballeros-y-damas-de-la-orden-de-calatrava\/#breadcrumb\",\"itemListElement\":[{\"@type\":\"ListItem\",\"position\":1,\"name\":\"Portada\",\"item\":\"https:\/\/cydordencalatrava.es\/\"},{\"@type\":\"ListItem\",\"position\":2,\"name\":\"Caballeros y damas de la orden de calatrava\"}]}]}<\/script>\n<!-- \/ Yoast SEO plugin. -->","yoast_head_json":{"title":"- Caballeros y damas de la orden de calatrava","description":"La asociacion Nacional Caballeros y damas de la orden de calatrava combate por mostrar que la historia sigue viva. Recraciones, torneos, mercados y rodajes.","robots":{"index":"index","follow":"follow","max-snippet":"max-snippet:-1","max-image-preview":"max-image-preview:large","max-video-preview":"max-video-preview:-1"},"canonical":"https:\/\/cydordencalatrava.es\/index.php\/caballeros-y-damas-de-la-orden-de-calatrava\/","og_locale":"es_ES","og_type":"article","og_title":"- Caballeros y damas de la orden de calatrava","og_description":"La asociacion Nacional Caballeros y damas de la orden de calatrava combate por mostrar que la historia sigue viva. Recraciones, torneos, mercados y rodajes.","og_url":"https:\/\/cydordencalatrava.es\/index.php\/caballeros-y-damas-de-la-orden-de-calatrava\/","og_site_name":"Caballeros y damas de la orden de calatrava","article_modified_time":"2020-07-12T17:42:33+00:00","og_image":[{"width":960,"height":719,"url":"https:\/\/cydordencalatrava.es\/wp-content\/uploads\/2018\/12\/combate.jpg","type":"image\/jpeg"}],"twitter_card":"summary_large_image","twitter_misc":{"Tiempo de lectura":"4 minutos"},"schema":{"@context":"https:\/\/schema.org","@graph":[{"@type":"WebSite","@id":"https:\/\/cydordencalatrava.es\/#website","url":"https:\/\/cydordencalatrava.es\/","name":"Caballeros y damas de la orden de calatrava","description":"","potentialAction":[{"@type":"SearchAction","target":{"@type":"EntryPoint","urlTemplate":"https:\/\/cydordencalatrava.es\/?s={search_term_string}"},"query-input":"required name=search_term_string"}],"inLanguage":"es"},{"@type":"ImageObject","@id":"https:\/\/cydordencalatrava.es\/index.php\/caballeros-y-damas-de-la-orden-de-calatrava\/#primaryimage","inLanguage":"es","url":"http:\/\/cydordencalatrava.es\/wp-content\/uploads\/2018\/12\/Cantigas_de_Santa_Maria.jpg","contentUrl":"http:\/\/cydordencalatrava.es\/wp-content\/uploads\/2018\/12\/Cantigas_de_Santa_Maria.jpg"},{"@type":"WebPage","@id":"https:\/\/cydordencalatrava.es\/index.php\/caballeros-y-damas-de-la-orden-de-calatrava\/#webpage","url":"https:\/\/cydordencalatrava.es\/index.php\/caballeros-y-damas-de-la-orden-de-calatrava\/","name":"- Caballeros y damas de la orden de calatrava","isPartOf":{"@id":"https:\/\/cydordencalatrava.es\/#website"},"primaryImageOfPage":{"@id":"https:\/\/cydordencalatrava.es\/index.php\/caballeros-y-damas-de-la-orden-de-calatrava\/#primaryimage"},"datePublished":"2020-07-12T15:24:06+00:00","dateModified":"2020-07-12T17:42:33+00:00","description":"La asociacion Nacional Caballeros y damas de la orden de calatrava combate por mostrar que la historia sigue viva. Recraciones, torneos, mercados y rodajes.","breadcrumb":{"@id":"https:\/\/cydordencalatrava.es\/index.php\/caballeros-y-damas-de-la-orden-de-calatrava\/#breadcrumb"},"inLanguage":"es","potentialAction":[{"@type":"ReadAction","target":["https:\/\/cydordencalatrava.es\/index.php\/caballeros-y-damas-de-la-orden-de-calatrava\/"]}]},{"@type":"BreadcrumbList","@id":"https:\/\/cydordencalatrava.es\/index.php\/caballeros-y-damas-de-la-orden-de-calatrava\/#breadcrumb","itemListElement":[{"@type":"ListItem","position":1,"name":"Portada","item":"https:\/\/cydordencalatrava.es\/"},{"@type":"ListItem","position":2,"name":"Caballeros y damas de la orden de calatrava"}]}]}},"_links":{"self":[{"href":"https:\/\/cydordencalatrava.es\/index.php\/wp-json\/wp\/v2\/pages\/103","targetHints":{"allow":["GET"]}}],"collection":[{"href":"https:\/\/cydordencalatrava.es\/index.php\/wp-json\/wp\/v2\/pages"}],"about":[{"href":"https:\/\/cydordencalatrava.es\/index.php\/wp-json\/wp\/v2\/types\/page"}],"author":[{"embeddable":true,"href":"https:\/\/cydordencalatrava.es\/index.php\/wp-json\/wp\/v2\/users\/1"}],"replies":[{"embeddable":true,"href":"https:\/\/cydordencalatrava.es\/index.php\/wp-json\/wp\/v2\/comments?post=103"}],"version-history":[{"count":7,"href":"https:\/\/cydordencalatrava.es\/index.php\/wp-json\/wp\/v2\/pages\/103\/revisions"}],"predecessor-version":[{"id":111,"href":"https:\/\/cydordencalatrava.es\/index.php\/wp-json\/wp\/v2\/pages\/103\/revisions\/111"}],"wp:attachment":[{"href":"https:\/\/cydordencalatrava.es\/index.php\/wp-json\/wp\/v2\/media?parent=103"}],"curies":[{"name":"wp","href":"https:\/\/api.w.org\/{rel}","templated":true}]}}