{"id":122,"date":"2020-07-12T16:20:07","date_gmt":"2020-07-12T16:20:07","guid":{"rendered":"http:\/\/cydordencalatrava.es\/?page_id=122"},"modified":"2021-12-11T22:26:36","modified_gmt":"2021-12-11T22:26:36","slug":"publicaciones","status":"publish","type":"page","link":"https:\/\/cydordencalatrava.es\/index.php\/publicaciones\/","title":{"rendered":"Publicaciones"},"content":{"rendered":"\n<p>Estamos orgullosos de contribuir a la divulgaci\u00f3n, entre ellas destacamos las obras de uno de nuestros miembros, Manuel Jesus Ruiz Moreno en la serie \u00abGuerreros y batallas\u00bb.<\/p>\n\n\n\n<p>Estas son algunas de las publicaciones en las que hemos colaborado:<\/p>\n\n\n\n<h3 class=\"Headline wp-block-heading\"><span style=\"font-size: 40px; font-weight: bold; letter-spacing: -0.0415625em; font-family: 'Inter var', -apple-system, BlinkMacSystemFont, 'Helvetica Neue', Helvetica, sans-serif;\">Guerreros y Batallas&nbsp; n\u00ba101 Batalla de Alarcos 1195<\/span><\/h3>\n\n\n\n<div class=\"wp-block-media-text alignwide is-stacked-on-mobile\" style=\"grid-template-columns:27% auto\"><figure class=\"wp-block-media-text__media\"><img loading=\"lazy\" decoding=\"async\" width=\"349\" height=\"500\" src=\"http:\/\/cydordencalatrava.es\/wp-content\/uploads\/2020\/07\/GB_101_ALARCOS_baj_m.jpg\" alt=\"\" class=\"wp-image-123 size-full\" srcset=\"https:\/\/cydordencalatrava.es\/wp-content\/uploads\/2020\/07\/GB_101_ALARCOS_baj_m.jpg 349w, https:\/\/cydordencalatrava.es\/wp-content\/uploads\/2020\/07\/GB_101_ALARCOS_baj_m-209x300.jpg 209w\" sizes=\"auto, (max-width: 349px) 100vw, 349px\" \/><\/figure><div class=\"wp-block-media-text__content\">\n<p class=\"has-text-align-left\">Autor: Manuel Jesus Ruiz Moreno<\/p>\n\n\n\n<p class=\"has-text-align-left\">ISBN: 9788492714810<\/p>\n\n\n\n<p class=\"has-text-align-left\">No hab\u00eda transcurrido ni una d\u00e9cada desde el desmantelamiento del reino de Jerusal\u00e9n, cuando en la ma\u00f1ana del 18 de julio de 1195 el ej\u00e9rcito castellano, encabezado por el rey Alfonso VIII, fue derrotado en Alarcos, lo que acarre\u00f3 la p\u00e9rdida de un importante n\u00famero de fortificaciones en el campo de Calatrava. Peor a\u00fan, durante los dos a\u00f1os siguientes el reino de Castilla continu\u00f3 sufriendo los embates almohades, quienes adem\u00e1s contaron con el respaldo                           de los monarcas leon\u00e9s y navarro.<\/p>\n\n\n\n<p><a href=\"https:\/\/libreriaalmena.com\/epages\/f2c787be-7ad4-49ec-9af0-263ed2e4f807.mobile\/es_ES\/?ObjectPath=\/Shops\/f2c787be-7ad4-49ec-9af0-263ed2e4f807\/Products\/GB101\">Enlace<\/a><\/p>\n<\/div><\/div>\n\n\n\n<h3 class=\"wp-block-heading\"><span style=\"font-size: 40px; font-weight: bold; letter-spacing: -0.0415625em; font-family: 'Inter var', -apple-system, BlinkMacSystemFont, 'Helvetica Neue', Helvetica, sans-serif;\">Guerreros y Batallas&nbsp; n\u00ba 105 La conquista de Sevilla 1248<\/span>                      <\/h3>\n\n\n\n<div class=\"wp-block-media-text alignwide is-stacked-on-mobile\" style=\"grid-template-columns:26% auto\"><figure class=\"wp-block-media-text__media\"><img loading=\"lazy\" decoding=\"async\" width=\"359\" height=\"500\" src=\"http:\/\/cydordencalatrava.es\/wp-content\/uploads\/2020\/07\/portada_sevilla_OK_m.jpg\" alt=\"\" class=\"wp-image-125 size-full\" srcset=\"https:\/\/cydordencalatrava.es\/wp-content\/uploads\/2020\/07\/portada_sevilla_OK_m.jpg 359w, https:\/\/cydordencalatrava.es\/wp-content\/uploads\/2020\/07\/portada_sevilla_OK_m-215x300.jpg 215w\" sizes=\"auto, (max-width: 359px) 100vw, 359px\" \/><\/figure><div class=\"wp-block-media-text__content\">\n<p>Autor: Manuel Jesus Ruiz Moreno<\/p>\n\n\n\n<p>ISBN: 978-84-92714-88-9<\/p>\n\n\n\n<p>Uno de los hechos m\u00e1s importantes del periodo hist\u00f3rico denominado reconquista es, sin duda, la toma de Sevilla en 1248 por el rey de Castilla y Le\u00f3n Fernando III \u00abel Santo\u00bb. Y a tan importante acontecimiento est\u00e1 dedicada esta nueva entrega de la colecci\u00f3n Guerreros y Batallas. En sus p\u00e1ginas, obra del reputado especialista Manuel Jes\u00fas Ruiz Moreno, que ya realiz\u00f3 en la serie el ejemplar dedicado a la batalla de Alarcos, el lector tendr\u00e1 ocasi\u00f3n de asistir a una interesante descripci\u00f3n de las t\u00e9cnicas de asalto y defensa de fortalezas en la Edad Media espa\u00f1ola: de la organizaci\u00f3n de los ej\u00e9rcitos cristianos, con un muy notable apartado dedicado a las \u00f3rdenes militares, y de las operaciones que dieron lugar a la ca\u00edda de tan destacado baluarte andalus\u00ed. Se ampl\u00eda as\u00ed el elevado n\u00famero de obras que Guerreros y Batallas ha dedicado a la reconquista y que poco a poco van conformando una historia militar de ese periodo no igualada en Espa\u00f1a.<\/p>\n\n\n\n<p><a href=\"https:\/\/libreriaalmena.com\/epages\/f2c787be-7ad4-49ec-9af0-263ed2e4f807.mobile\/es_ES\/?ObjectPath=\/Shops\/f2c787be-7ad4-49ec-9af0-263ed2e4f807\/Products\/%22GB%20105%22\">Enlace<\/a><\/p>\n<\/div><\/div>\n\n\n\n<h3 class=\"Headline wp-block-heading\"><span style=\"font-size: 40px; font-weight: bold; letter-spacing: -0.0415625em; font-family: 'Inter var', -apple-system, BlinkMacSystemFont, 'Helvetica Neue', Helvetica, sans-serif;\">Guerreros y Batallas&nbsp; n\u00ba 123 Diego Garc\u00eda de Paredes 1486-1533<\/span><\/h3>\n\n\n\n<div class=\"wp-block-media-text alignwide is-stacked-on-mobile\" style=\"grid-template-columns:27% auto\"><figure class=\"wp-block-media-text__media\"><img loading=\"lazy\" decoding=\"async\" width=\"394\" height=\"567\" src=\"http:\/\/cydordencalatrava.es\/wp-content\/uploads\/2020\/07\/GB122port_ml.jpg\" alt=\"\" class=\"wp-image-124 size-full\" srcset=\"https:\/\/cydordencalatrava.es\/wp-content\/uploads\/2020\/07\/GB122port_ml.jpg 394w, https:\/\/cydordencalatrava.es\/wp-content\/uploads\/2020\/07\/GB122port_ml-208x300.jpg 208w\" sizes=\"auto, (max-width: 394px) 100vw, 394px\" \/><\/figure><div class=\"wp-block-media-text__content\">\n<p>Autor: Manuel Jesus Ruiz Moreno<\/p>\n\n\n\n<p>ISBN: 9788494658860<\/p>\n\n\n\n<p>Muchas fueron las haza\u00f1as y aventuras que vivi\u00f3 Diego Garc\u00eda de Paredes a lo largo de su vida. Desaf\u00edos y batallas en las que su valor y fortaleza siempre fueron se\u00f1aladas. Contiendas como las de Cefalonia, Ceri\u00f1ola, Garellano y Or\u00e1n, se hicieron eco de sus proezas. Gestas que no cayeron en el olvido, pasando su nombre a ser sin\u00f3nimo de valent\u00eda y esfuerzo. En su memoria, numerosas poblaciones dieron su nombre a alguna de sus calles, como Trujillo, C\u00e1ceres, Badajoz, Le\u00f3n, C\u00f3rdoba, Motril o incluso la propia capital de Espa\u00f1a, Madrid.<\/p>\n\n\n\n<p><a href=\"https:\/\/libreriaalmena.com\/Diego-Garcia-de-Paredes-1486-1533\">Enlace<\/a>                         <\/p>\n<\/div><\/div>\n\n\n\n<h3 class=\"wp-block-heading\"><span style=\"font-size: 40px; font-weight: bold; letter-spacing: -0.0415625em; font-family: 'Inter var', -apple-system, BlinkMacSystemFont, 'Helvetica Neue', Helvetica, sans-serif;\">Ares Extra n\u00ba 12 La guerra de Flandes y el camino espa\u00f1ol<\/span>                      <\/h3>\n\n\n\n<div class=\"wp-block-media-text alignwide is-stacked-on-mobile\" style=\"grid-template-columns:27% auto\"><figure class=\"wp-block-media-text__media\"><img loading=\"lazy\" decoding=\"async\" width=\"458\" height=\"558\" src=\"http:\/\/cydordencalatrava.es\/wp-content\/uploads\/2020\/07\/la-guerra-de-frandes-y-el-camino-espanol-extra-n-12-ares.jpg\" alt=\"\" class=\"wp-image-132 size-full\" srcset=\"https:\/\/cydordencalatrava.es\/wp-content\/uploads\/2020\/07\/la-guerra-de-frandes-y-el-camino-espanol-extra-n-12-ares.jpg 458w, https:\/\/cydordencalatrava.es\/wp-content\/uploads\/2020\/07\/la-guerra-de-frandes-y-el-camino-espanol-extra-n-12-ares-246x300.jpg 246w\" sizes=\"auto, (max-width: 458px) 100vw, 458px\" \/><\/figure><div class=\"wp-block-media-text__content\">\n<p>AUTOR:&nbsp;LUIS E. TOGORES<\/p>\n\n\n\n<p>Durante mas de ciento cincuenta a\u00f1os, entre los siglos XVI y XVII los Tercios espa\u00f1oles fueron las mejores unidades militares del mundo. Sus soldados lucharon en tres continentes para defender un imperio en el que no se pon\u00eda el sol.<\/p>\n\n\n\n<p>Para defender los intereses de Espa\u00f1a y de su cat\u00f3lica majestad en Flandes, los Tercios cruzaron media Europa, creando una ruta militar conocida como \u00abEl camino espa\u00f1ol\u00bb del que ahora conmemoramos los 450 a\u00f1os.<\/p>\n\n\n\n<p>Basado en el documental del mismo nombre producido por el Instituto CEU de Estudios Hist\u00f3ricos.<\/p>\n\n\n\n<p><a href=\"https:\/\/lapicaenflandes.es\/product\/los-tercios-espanoles-en-la-guerra-de-flandes-y-el-camino-espanol\/\">Enlace<\/a><\/p>\n<\/div><\/div>\n\n\n\n<figure class=\"wp-block-image size-full is-resized\"><img loading=\"lazy\" decoding=\"async\" src=\"http:\/\/cydordencalatrava.es\/wp-content\/uploads\/2020\/07\/la-guerra-de-frandes-y-el-camino-espanol-extra-n-12-ares2.jpg\" alt=\"\" class=\"wp-image-133\" width=\"218\" height=\"266\" srcset=\"https:\/\/cydordencalatrava.es\/wp-content\/uploads\/2020\/07\/la-guerra-de-frandes-y-el-camino-espanol-extra-n-12-ares2.jpg 458w, https:\/\/cydordencalatrava.es\/wp-content\/uploads\/2020\/07\/la-guerra-de-frandes-y-el-camino-espanol-extra-n-12-ares2-246x300.jpg 246w\" sizes=\"auto, (max-width: 218px) 100vw, 218px\" \/><\/figure>\n\n\n\n<h3 class=\"Headline wp-block-heading\"><span style=\"font-size: 40px; font-weight: bold; letter-spacing: -0.0415625em; font-family: 'Inter var', -apple-system, BlinkMacSystemFont, 'Helvetica Neue', Helvetica, sans-serif;\">1212 Las Navas De Tolosa (C\u00f3mic)<\/span><\/h3>\n\n\n\n<div class=\"wp-block-media-text alignwide is-stacked-on-mobile\" style=\"grid-template-columns:22% auto\"><figure class=\"wp-block-media-text__media\"><img loading=\"lazy\" decoding=\"async\" width=\"747\" height=\"1024\" src=\"http:\/\/cydordencalatrava.es\/wp-content\/uploads\/2020\/08\/9781910856567-min-747x1024.jpg\" alt=\"\" class=\"wp-image-169 size-full\" srcset=\"https:\/\/cydordencalatrava.es\/wp-content\/uploads\/2020\/08\/9781910856567-min-747x1024.jpg 747w, https:\/\/cydordencalatrava.es\/wp-content\/uploads\/2020\/08\/9781910856567-min-219x300.jpg 219w, https:\/\/cydordencalatrava.es\/wp-content\/uploads\/2020\/08\/9781910856567-min-768x1053.jpg 768w, https:\/\/cydordencalatrava.es\/wp-content\/uploads\/2020\/08\/9781910856567-min.jpg 800w\" sizes=\"auto, (max-width: 747px) 100vw, 747px\" \/><\/figure><div class=\"wp-block-media-text__content\">\n<p>Autor: Jes\u00fas Cano de la Iglesia<\/p>\n\n\n\n<p>ISBN: 9781910856567<\/p>\n\n\n\n<p>Colaboramos en la presentaci\u00f3n del c\u00f3mic de la batalla.<\/p>\n\n\n\n<p><a href=\"https:\/\/www.akiracomics.com\/products\/50459-1212-las-navas-de-tolosa-cartone.html?gclid=Cj0KCQjwyJn5BRDrARIsADZ9ykG2ps6Fmq9acridsx-dagbyG_LDpSTtz3kb1qRWha7-waika0ALAAcaAj0pEALw_wcB\">Enlace<\/a><\/p>\n<\/div><\/div>\n\n\n\n<figure class=\"wp-block-image size-large is-resized\"><img loading=\"lazy\" decoding=\"async\" src=\"http:\/\/cydordencalatrava.es\/wp-content\/uploads\/2020\/08\/94c446e0-a120-418c-b7ac-353a451682b9-576x1024.jpg\" alt=\"\" class=\"wp-image-168\" width=\"124\" height=\"220\" srcset=\"https:\/\/cydordencalatrava.es\/wp-content\/uploads\/2020\/08\/94c446e0-a120-418c-b7ac-353a451682b9-576x1024.jpg 576w, https:\/\/cydordencalatrava.es\/wp-content\/uploads\/2020\/08\/94c446e0-a120-418c-b7ac-353a451682b9-169x300.jpg 169w, https:\/\/cydordencalatrava.es\/wp-content\/uploads\/2020\/08\/94c446e0-a120-418c-b7ac-353a451682b9-768x1365.jpg 768w, https:\/\/cydordencalatrava.es\/wp-content\/uploads\/2020\/08\/94c446e0-a120-418c-b7ac-353a451682b9-864x1536.jpg 864w, https:\/\/cydordencalatrava.es\/wp-content\/uploads\/2020\/08\/94c446e0-a120-418c-b7ac-353a451682b9.jpg 1080w\" sizes=\"auto, (max-width: 124px) 100vw, 124px\" \/><\/figure>\n\n\n\n<h3 class=\"wp-block-heading\"><span style=\"font-size: 40px; font-weight: bold; letter-spacing: -0.0415625em; font-family: 'Inter var', -apple-system, BlinkMacSystemFont, 'Helvetica Neue', Helvetica, sans-serif;\">La guerra de Flandes y el camino espa\u00f1ol<\/span> <\/h3>\n\n\n\n<div class=\"wp-block-media-text alignwide is-stacked-on-mobile\" style=\"grid-template-columns:22% auto\"><figure class=\"wp-block-media-text__media\"><img loading=\"lazy\" decoding=\"async\" width=\"390\" height=\"556\" src=\"http:\/\/cydordencalatrava.es\/wp-content\/uploads\/2020\/07\/ihycm-4391-g-copia.jpg\" alt=\"\" class=\"wp-image-131 size-full\" srcset=\"https:\/\/cydordencalatrava.es\/wp-content\/uploads\/2020\/07\/ihycm-4391-g-copia.jpg 390w, https:\/\/cydordencalatrava.es\/wp-content\/uploads\/2020\/07\/ihycm-4391-g-copia-210x300.jpg 210w\" sizes=\"auto, (max-width: 390px) 100vw, 390px\" \/><\/figure><div class=\"wp-block-media-text__content\">\n<p>CEU Instituto de Estudios Hist\u00f3ricos<\/p>\n\n\n\n<p>Documental en el que colaboramos en el rodaje.<\/p>\n\n\n\n<p>Entre los siglos XVI y XVII los Tercios espa\u00f1oles fueron las mejores unidades militares del mundo. Para defender los intereses de Espa\u00f1a y de su Cat\u00f3lica Majestad en Flandes, cruzaron media Europa, creando una ruta militar conocida como \u00abCamino Espa\u00f1ol\u00bb, del que se conmemoran 450 a\u00f1os. El documental\u00a0<em>La Guerra de Flandes y el Camino Espa\u00f1ol<\/em>, dirigido por Luis E. Togores y producido por\u00a0el Instituto CEU de Estudios Hist\u00f3ricos, cuenta su                           historia de la mano de Ren\u00e9 Quatrefages, Julio Albi de la Cuesta, Isabel P\u00e9rez Cuenca, Hip\u00f3lito Sanchiz \u00c1lvarez de Toledo y C\u00e9sar Muro Benayas. Documental presentado el 22 de enero de 2019.<\/p>\n\n\n\n<p><a href=\"https:\/\/ejercito.defensa.gob.es\/unidades\/Madrid\/ihycm\/Ampliaciones\/actividades-2018\/422-20181115-proyec-documental-ihycm.html\">Enlace<\/a><\/p>\n<\/div><\/div>\n\n\n\n<h3 class=\"wp-block-heading\"><span style=\"font-family: Inter var, -apple-system, BlinkMacSystemFont, Helvetica Neue, Helvetica, sans-serif;\"><span style=\"font-size: 40px; letter-spacing: -1.6625px;\">Conquistadores Adventum<\/span><\/span>                     <\/h3>\n\n\n\n<div class=\"wp-block-media-text alignwide is-stacked-on-mobile\" style=\"grid-template-columns:23% auto\"><figure class=\"wp-block-media-text__media\"><img loading=\"lazy\" decoding=\"async\" width=\"683\" height=\"1024\" src=\"http:\/\/cydordencalatrava.es\/wp-content\/uploads\/2020\/07\/712MVtHqlzL._SL1500_-683x1024.jpg\" alt=\"\" class=\"wp-image-146 size-full\" srcset=\"https:\/\/cydordencalatrava.es\/wp-content\/uploads\/2020\/07\/712MVtHqlzL._SL1500_-683x1024.jpg 683w, https:\/\/cydordencalatrava.es\/wp-content\/uploads\/2020\/07\/712MVtHqlzL._SL1500_-200x300.jpg 200w, https:\/\/cydordencalatrava.es\/wp-content\/uploads\/2020\/07\/712MVtHqlzL._SL1500_-768x1152.jpg 768w, https:\/\/cydordencalatrava.es\/wp-content\/uploads\/2020\/07\/712MVtHqlzL._SL1500_.jpg 1000w\" sizes=\"auto, (max-width: 683px) 100vw, 683px\" \/><\/figure><div class=\"wp-block-media-text__content\">\n<p>Una narraci\u00f3n fiel de c\u00f3mo fueron los treinta primeros a\u00f1os del descubrimiento y la conquista de Am\u00e9rica, desde que Crist\u00f3bal Col\u00f3n parti\u00f3 de Espa\u00f1a en 1492 hasta que Juan Sebasti\u00e1n Elcano complet\u00f3 la primera vuelta al mundo en 1522.<\/p>\n\n\n\n<p>Desde el primer momento,&nbsp;Conquistadores Adventvm acaba con cualquier prejuicio que podamos albergar sobre la ficci\u00f3n patria y plantea una f\u00f3rmula sumamente atractiva en lo est\u00e9tico, con una ambientaci\u00f3n cruda y realista, rigurosa y honesta en su planteamiento hist\u00f3rico y, sobre todo, que funciona como producto televisivo, que atrapa al espectador y resultando enormemente entretenida. Una ambiciosa apuesta que nada tiene que envidiar a producciones internacionales de corte similar.<\/p>\n\n\n\n<p>Sin ser un experto en la materia (ya vendr\u00e1n otros a sacar pegas), sorprende lo cuidado del vestuario, del armamento y de las ambientaciones (se ha grabado en&nbsp;escenarios naturales de Brasil, Burgos, Huelva, C\u00e1diz, Palos, Olite, Cantabria o Almer\u00eda), ya sea en el contexto de la <a href=\"https:\/\/www.despertaferro-ediciones.com\/revistas\/numero\/guerra-de-granada-desperta-ferro-aym-34\/\" target=\"_blank\" rel=\"noopener noreferrer\">Guerra de Granada<\/a>, ya en las Am\u00e9ricas, \u00a1ya en las r\u00e9plicas de barcos en movimiento!<\/p>\n\n\n\n<p><a href=\"http:\/\/www.movistarplus.es\/cero\/conquistadores\">Enlace<\/a><\/p>\n<\/div><\/div>\n\n\n\n<figure class=\"wp-block-gallery columns-2 is-cropped wp-block-gallery-1 is-layout-flex wp-block-gallery-is-layout-flex\"><ul class=\"blocks-gallery-grid\"><li class=\"blocks-gallery-item\"><figure><img loading=\"lazy\" decoding=\"async\" width=\"648\" height=\"432\" src=\"http:\/\/cydordencalatrava.es\/wp-content\/uploads\/2020\/07\/7033e2d4f3b8c017d9b7bf9869544b23.jpg\" alt=\"\" data-id=\"148\" data-full-url=\"http:\/\/cydordencalatrava.es\/wp-content\/uploads\/2020\/07\/7033e2d4f3b8c017d9b7bf9869544b23.jpg\" data-link=\"https:\/\/cydordencalatrava.es\/index.php\/publicaciones\/7033e2d4f3b8c017d9b7bf9869544b23\/\" class=\"wp-image-148\" srcset=\"https:\/\/cydordencalatrava.es\/wp-content\/uploads\/2020\/07\/7033e2d4f3b8c017d9b7bf9869544b23.jpg 648w, https:\/\/cydordencalatrava.es\/wp-content\/uploads\/2020\/07\/7033e2d4f3b8c017d9b7bf9869544b23-300x200.jpg 300w\" sizes=\"auto, (max-width: 648px) 100vw, 648px\" \/><\/figure><\/li><li class=\"blocks-gallery-item\"><figure><img loading=\"lazy\" decoding=\"async\" width=\"1024\" height=\"683\" src=\"http:\/\/cydordencalatrava.es\/wp-content\/uploads\/2020\/07\/Conquistadores_Adventvm_Miniserie_de_TV-349964850-large-1024x683.jpg\" alt=\"\" data-id=\"147\" data-full-url=\"http:\/\/cydordencalatrava.es\/wp-content\/uploads\/2020\/07\/Conquistadores_Adventvm_Miniserie_de_TV-349964850-large.jpg\" data-link=\"https:\/\/cydordencalatrava.es\/index.php\/publicaciones\/conquistadores_adventvm_miniserie_de_tv-349964850-large\/\" class=\"wp-image-147\" srcset=\"https:\/\/cydordencalatrava.es\/wp-content\/uploads\/2020\/07\/Conquistadores_Adventvm_Miniserie_de_TV-349964850-large-1024x683.jpg 1024w, https:\/\/cydordencalatrava.es\/wp-content\/uploads\/2020\/07\/Conquistadores_Adventvm_Miniserie_de_TV-349964850-large-300x200.jpg 300w, https:\/\/cydordencalatrava.es\/wp-content\/uploads\/2020\/07\/Conquistadores_Adventvm_Miniserie_de_TV-349964850-large-768x512.jpg 768w, https:\/\/cydordencalatrava.es\/wp-content\/uploads\/2020\/07\/Conquistadores_Adventvm_Miniserie_de_TV-349964850-large-1536x1025.jpg 1536w, https:\/\/cydordencalatrava.es\/wp-content\/uploads\/2020\/07\/Conquistadores_Adventvm_Miniserie_de_TV-349964850-large-1200x800.jpg 1200w, https:\/\/cydordencalatrava.es\/wp-content\/uploads\/2020\/07\/Conquistadores_Adventvm_Miniserie_de_TV-349964850-large.jpg 1799w\" sizes=\"auto, (max-width: 1024px) 100vw, 1024px\" \/><\/figure><\/li><\/ul><\/figure>\n\n\n\n<h3 class=\"Headline wp-block-heading\"><span style=\"font-size: 40px; font-weight: bold; letter-spacing: -0.0415625em; font-family: 'Inter var', -apple-system, BlinkMacSystemFont, 'Helvetica Neue', Helvetica, sans-serif;\">Master Chef<\/span><\/h3>\n\n\n\n<figure class=\"wp-block-gallery columns-3 is-cropped wp-block-gallery-2 is-layout-flex wp-block-gallery-is-layout-flex\"><ul class=\"blocks-gallery-grid\"><li class=\"blocks-gallery-item\"><figure><img loading=\"lazy\" decoding=\"async\" width=\"912\" height=\"669\" src=\"http:\/\/cydordencalatrava.es\/wp-content\/uploads\/2020\/08\/b8ead800-a6f4-4464-88a4-dab70fc80a86.jpg\" alt=\"\" data-id=\"198\" data-full-url=\"http:\/\/cydordencalatrava.es\/wp-content\/uploads\/2020\/08\/b8ead800-a6f4-4464-88a4-dab70fc80a86.jpg\" data-link=\"https:\/\/cydordencalatrava.es\/index.php\/publicaciones\/b8ead800-a6f4-4464-88a4-dab70fc80a86\/\" class=\"wp-image-198\" srcset=\"https:\/\/cydordencalatrava.es\/wp-content\/uploads\/2020\/08\/b8ead800-a6f4-4464-88a4-dab70fc80a86.jpg 912w, https:\/\/cydordencalatrava.es\/wp-content\/uploads\/2020\/08\/b8ead800-a6f4-4464-88a4-dab70fc80a86-300x220.jpg 300w, https:\/\/cydordencalatrava.es\/wp-content\/uploads\/2020\/08\/b8ead800-a6f4-4464-88a4-dab70fc80a86-768x563.jpg 768w\" sizes=\"auto, (max-width: 912px) 100vw, 912px\" \/><\/figure><\/li><li class=\"blocks-gallery-item\"><figure><img loading=\"lazy\" decoding=\"async\" width=\"1024\" height=\"621\" src=\"http:\/\/cydordencalatrava.es\/wp-content\/uploads\/2020\/08\/masterC-1024x621.png\" alt=\"\" data-id=\"201\" data-full-url=\"http:\/\/cydordencalatrava.es\/wp-content\/uploads\/2020\/08\/masterC.png\" data-link=\"https:\/\/cydordencalatrava.es\/index.php\/publicaciones\/masterc\/\" class=\"wp-image-201\" srcset=\"https:\/\/cydordencalatrava.es\/wp-content\/uploads\/2020\/08\/masterC-1024x621.png 1024w, https:\/\/cydordencalatrava.es\/wp-content\/uploads\/2020\/08\/masterC-300x182.png 300w, https:\/\/cydordencalatrava.es\/wp-content\/uploads\/2020\/08\/masterC-768x466.png 768w, https:\/\/cydordencalatrava.es\/wp-content\/uploads\/2020\/08\/masterC-1536x932.png 1536w, https:\/\/cydordencalatrava.es\/wp-content\/uploads\/2020\/08\/masterC-2048x1243.png 2048w, https:\/\/cydordencalatrava.es\/wp-content\/uploads\/2020\/08\/masterC-1200x728.png 1200w, https:\/\/cydordencalatrava.es\/wp-content\/uploads\/2020\/08\/masterC-1980x1202.png 1980w\" sizes=\"auto, (max-width: 1024px) 100vw, 1024px\" \/><\/figure><\/li><li class=\"blocks-gallery-item\"><figure><img loading=\"lazy\" decoding=\"async\" width=\"1024\" height=\"693\" src=\"http:\/\/cydordencalatrava.es\/wp-content\/uploads\/2020\/08\/master-1024x693.png\" alt=\"\" data-id=\"200\" data-full-url=\"http:\/\/cydordencalatrava.es\/wp-content\/uploads\/2020\/08\/master.png\" data-link=\"https:\/\/cydordencalatrava.es\/index.php\/publicaciones\/master\/\" class=\"wp-image-200\" srcset=\"https:\/\/cydordencalatrava.es\/wp-content\/uploads\/2020\/08\/master-1024x693.png 1024w, https:\/\/cydordencalatrava.es\/wp-content\/uploads\/2020\/08\/master-300x203.png 300w, https:\/\/cydordencalatrava.es\/wp-content\/uploads\/2020\/08\/master-768x520.png 768w, https:\/\/cydordencalatrava.es\/wp-content\/uploads\/2020\/08\/master-1536x1039.png 1536w, https:\/\/cydordencalatrava.es\/wp-content\/uploads\/2020\/08\/master-2048x1385.png 2048w, https:\/\/cydordencalatrava.es\/wp-content\/uploads\/2020\/08\/master-1200x812.png 1200w, https:\/\/cydordencalatrava.es\/wp-content\/uploads\/2020\/08\/master-1980x1339.png 1980w\" sizes=\"auto, (max-width: 1024px) 100vw, 1024px\" \/><\/figure><\/li><li class=\"blocks-gallery-item\"><figure><img loading=\"lazy\" decoding=\"async\" width=\"259\" height=\"194\" src=\"http:\/\/cydordencalatrava.es\/wp-content\/uploads\/2020\/08\/images.jpg\" alt=\"\" data-id=\"196\" data-full-url=\"http:\/\/cydordencalatrava.es\/wp-content\/uploads\/2020\/08\/images.jpg\" data-link=\"https:\/\/cydordencalatrava.es\/index.php\/publicaciones\/images\/\" class=\"wp-image-196\"\/><\/figure><\/li><li class=\"blocks-gallery-item\"><figure><img loading=\"lazy\" decoding=\"async\" width=\"620\" height=\"349\" src=\"http:\/\/cydordencalatrava.es\/wp-content\/uploads\/2020\/08\/masterchef-medieval-kuhG-620x349@abc.jpg\" alt=\"\" data-id=\"197\" data-full-url=\"http:\/\/cydordencalatrava.es\/wp-content\/uploads\/2020\/08\/masterchef-medieval-kuhG-620x349@abc.jpg\" data-link=\"https:\/\/cydordencalatrava.es\/index.php\/publicaciones\/masterchef-medieval-kuhg-620x349abc\/\" class=\"wp-image-197\" srcset=\"https:\/\/cydordencalatrava.es\/wp-content\/uploads\/2020\/08\/masterchef-medieval-kuhG-620x349@abc.jpg 620w, https:\/\/cydordencalatrava.es\/wp-content\/uploads\/2020\/08\/masterchef-medieval-kuhG-620x349@abc-300x169.jpg 300w\" sizes=\"auto, (max-width: 620px) 100vw, 620px\" \/><\/figure><\/li><\/ul><\/figure>\n\n\n\n<p>Colaboramos en el programa de cocina con el objetivo de acercar la historia al publico y a\u00f1adir un mayor rigor hist\u00f3rico.<\/p>\n\n\n\n<p><a href=\"https:\/\/www.rtve.es\/alacarta\/videos\/masterchef-celebrity-4\/masterchef-celebrity-4-programa-2\/5390937\/\">Enlace<\/a>                     <\/p>\n\n\n\n<h3 class=\"wp-block-heading\"><span style=\"font-size: 40px; font-weight: bold; letter-spacing: -0.0415625em; font-family: 'Inter var', -apple-system, BlinkMacSystemFont, 'Helvetica Neue', Helvetica, sans-serif;\">La contra de Ja\u00e9n<\/span><\/h3>\n\n\n\n<div class=\"wp-block-media-text alignwide is-stacked-on-mobile\" style=\"grid-template-columns:28% auto\"><figure class=\"wp-block-media-text__media\"><img loading=\"lazy\" decoding=\"async\" width=\"739\" height=\"1024\" src=\"http:\/\/cydordencalatrava.es\/wp-content\/uploads\/2020\/08\/chiclana_combate-739x1024.png\" alt=\"\" class=\"wp-image-162 size-full\" srcset=\"https:\/\/cydordencalatrava.es\/wp-content\/uploads\/2020\/08\/chiclana_combate-739x1024.png 739w, https:\/\/cydordencalatrava.es\/wp-content\/uploads\/2020\/08\/chiclana_combate-216x300.png 216w, https:\/\/cydordencalatrava.es\/wp-content\/uploads\/2020\/08\/chiclana_combate-768x1064.png 768w, https:\/\/cydordencalatrava.es\/wp-content\/uploads\/2020\/08\/chiclana_combate-1108x1536.png 1108w, https:\/\/cydordencalatrava.es\/wp-content\/uploads\/2020\/08\/chiclana_combate-1200x1663.png 1200w, https:\/\/cydordencalatrava.es\/wp-content\/uploads\/2020\/08\/chiclana_combate.png 1363w\" sizes=\"auto, (max-width: 739px) 100vw, 739px\" \/><\/figure><div class=\"wp-block-media-text__content\">\n<p><a href=\"https:\/\/lacontradejaen.com\/chiclana-de-segura-se-reencuentra-con-manrique\/\">Enlace<\/a><\/p>\n<\/div><\/div>\n\n\n\n<h3 class=\"wp-block-heading\"><span style=\"font-size: 40px; font-weight: bold; letter-spacing: -0.0415625em; font-family: 'Inter var', -apple-system, BlinkMacSystemFont, 'Helvetica Neue', Helvetica, sans-serif;\">Ideal<\/span><\/h3>\n\n\n\n<div class=\"wp-block-media-text alignwide is-stacked-on-mobile\" style=\"grid-template-columns:27% auto\"><figure class=\"wp-block-media-text__media\"><img loading=\"lazy\" decoding=\"async\" width=\"514\" height=\"1024\" src=\"http:\/\/cydordencalatrava.es\/wp-content\/uploads\/2020\/08\/incendio-514x1024.png\" alt=\"\" class=\"wp-image-164 size-full\" srcset=\"https:\/\/cydordencalatrava.es\/wp-content\/uploads\/2020\/08\/incendio-514x1024.png 514w, https:\/\/cydordencalatrava.es\/wp-content\/uploads\/2020\/08\/incendio-151x300.png 151w, https:\/\/cydordencalatrava.es\/wp-content\/uploads\/2020\/08\/incendio-768x1529.png 768w, https:\/\/cydordencalatrava.es\/wp-content\/uploads\/2020\/08\/incendio-771x1536.png 771w, https:\/\/cydordencalatrava.es\/wp-content\/uploads\/2020\/08\/incendio.png 925w\" sizes=\"auto, (max-width: 514px) 100vw, 514px\" \/><\/figure><div class=\"wp-block-media-text__content\">\n<p> <p>Sobre esto, critic\u00f3 \u00abla tardanza de los servicios de emergencia en acudir a la zona, con la llegada de la Guardia Civil una hora y media despu\u00e9s de los avisos; de Bomberos, a las dos horas; y de la ambulancia, tres horas m\u00e1s tarde\u00bb.<\/p><\/p>\n\n\n\n<p>El papel de las personas que voluntariamente se implicaron en la lucha contra el fuego fue clave. La directora agradeci\u00f3 expresamente el trabajo de los cuatro agentes de Protecci\u00f3n Civil, de miembros de la Orden de Santiago, de la Orden de Calatrava, de la banda de m\u00fasica \u2018Wyrdamur\u2019, que se encontraban en el recinto, as\u00ed como a m\u00e1s de 50 vecinos \u00abpor su labor en la extinci\u00f3n del fuego, al formar una cadena humana con cubo de aguas\u00bb. \u00abDe hecho, cuando llegaron los bomberos, el incendio estaba controlado gracias a esta labor colectiva\u00bb, asegur\u00f3.<\/p>\n\n\n\n<p><a href=\"https:\/\/www.ideal.es\/jaen\/provincia-jaen\/fuego-pone-jaque-20170731224647-ntvo.html?ref=https:%2F%2Fwww.google.com%2F\">Enlace<\/a><\/p>\n<\/div><\/div>\n\n\n\n<h3 class=\"wp-block-heading\"><span style=\"font-size: 40px; font-weight: bold; letter-spacing: -0.0415625em; font-family: 'Inter var', -apple-system, BlinkMacSystemFont, 'Helvetica Neue', Helvetica, sans-serif;\">El Dia Digital<\/span><\/h3>\n\n\n\n<div class=\"wp-block-media-text alignwide is-stacked-on-mobile\"><figure class=\"wp-block-media-text__media\"><img loading=\"lazy\" decoding=\"async\" width=\"1024\" height=\"1004\" src=\"http:\/\/cydordencalatrava.es\/wp-content\/uploads\/2020\/08\/ciudadrealdigital-1024x1004.png\" alt=\"\" class=\"wp-image-184 size-full\" srcset=\"https:\/\/cydordencalatrava.es\/wp-content\/uploads\/2020\/08\/ciudadrealdigital-1024x1004.png 1024w, https:\/\/cydordencalatrava.es\/wp-content\/uploads\/2020\/08\/ciudadrealdigital-300x294.png 300w, https:\/\/cydordencalatrava.es\/wp-content\/uploads\/2020\/08\/ciudadrealdigital-768x753.png 768w, https:\/\/cydordencalatrava.es\/wp-content\/uploads\/2020\/08\/ciudadrealdigital-1200x1177.png 1200w, https:\/\/cydordencalatrava.es\/wp-content\/uploads\/2020\/08\/ciudadrealdigital.png 1311w\" sizes=\"auto, (max-width: 1024px) 100vw, 1024px\" \/><\/figure><div class=\"wp-block-media-text__content\">\n<p><a href=\"https:\/\/eldiadigital.es\/art\/182461\/la-recreacion-de-la-batalla-de-alarcos-y-otros-atractivos-preludio-de-las-fiestas-patronales-\">Enlace<\/a><\/p>\n<\/div><\/div>\n\n\n\n<h3 class=\"wp-block-heading\"><span style=\"font-size: 40px; font-weight: bold; letter-spacing: -0.0415625em; font-family: 'Inter var', -apple-system, BlinkMacSystemFont, 'Helvetica Neue', Helvetica, sans-serif;\">Mi Ciudad Real<\/span><\/h3>\n\n\n\n<h4 class=\"wp-block-heading\">Recreaci\u00f3n de los d\u00edas previos de la Batalla de Alarcos<\/h4>\n\n\n\n<div class=\"wp-block-media-text alignwide is-stacked-on-mobile\"><figure class=\"wp-block-media-text__media\"><img loading=\"lazy\" decoding=\"async\" width=\"855\" height=\"992\" src=\"http:\/\/cydordencalatrava.es\/wp-content\/uploads\/2020\/08\/miciudadreal.png\" alt=\"\" class=\"wp-image-182 size-full\" srcset=\"https:\/\/cydordencalatrava.es\/wp-content\/uploads\/2020\/08\/miciudadreal.png 855w, https:\/\/cydordencalatrava.es\/wp-content\/uploads\/2020\/08\/miciudadreal-259x300.png 259w, https:\/\/cydordencalatrava.es\/wp-content\/uploads\/2020\/08\/miciudadreal-768x891.png 768w\" sizes=\"auto, (max-width: 855px) 100vw, 855px\" \/><\/figure><div class=\"wp-block-media-text__content\">\n<p><a href=\"https:\/\/www.miciudadreal.es\/2016\/07\/15\/recreacion-de-los-dias-previos-a-la-batalla-de-alarcos\/\">Enlace<\/a><\/p>\n<\/div><\/div>\n\n\n\n<p>\n                      <iframe loading=\"lazy\" src=\"https:\/\/www.youtube.com\/embed\/BONq272Ve2g\" width=\"557\" height=\"343\" frameborder=\"0\" allowfullscreen=\"allowfullscreen\" data-origwidth=\"557\" data-origheight=\"343\" data-mce-fragment=\"1\"><\/iframe>\n                    <\/p>\n\n\n\n<h4 class=\"wp-block-heading\">Los cristianos golpean primero en Alarcos<\/h4>\n\n\n\n<div class=\"wp-block-media-text alignwide is-stacked-on-mobile\"><figure class=\"wp-block-media-text__media\"><img loading=\"lazy\" decoding=\"async\" width=\"883\" height=\"599\" src=\"http:\/\/cydordencalatrava.es\/wp-content\/uploads\/2020\/08\/miciudadreal2.png\" alt=\"\" class=\"wp-image-191 size-full\" srcset=\"https:\/\/cydordencalatrava.es\/wp-content\/uploads\/2020\/08\/miciudadreal2.png 883w, https:\/\/cydordencalatrava.es\/wp-content\/uploads\/2020\/08\/miciudadreal2-300x204.png 300w, https:\/\/cydordencalatrava.es\/wp-content\/uploads\/2020\/08\/miciudadreal2-768x521.png 768w\" sizes=\"auto, (max-width: 883px) 100vw, 883px\" \/><\/figure><div class=\"wp-block-media-text__content\">\n<p><a href=\"https:\/\/www.miciudadreal.es\/2017\/07\/16\/los-cristianos-golpean-primero-en-alarcos\/\">Enlace<\/a>                  <\/p>\n<\/div><\/div>\n\n\n\n<p>                       <iframe loading=\"lazy\" src=\"https:\/\/www.youtube.com\/embed\/aW_tKZ-5WgM\" width=\"557\" height=\"343\" frameborder=\"0\" allowfullscreen=\"allowfullscreen\" data-origwidth=\"557\" data-origheight=\"343\" data-mce-fragment=\"1\">                     <\/p><\/iframe><\/p>\n\n\n\n<h3 class=\"wp-block-heading\"><span style=\"font-size: 40px; font-weight: bold; letter-spacing: -0.0415625em; font-family: 'Inter var', -apple-system, BlinkMacSystemFont, 'Helvetica Neue', Helvetica, sans-serif;\">Ciudad Real Digital<\/span><\/h3>\n\n\n\n<div class=\"wp-block-media-text alignwide is-stacked-on-mobile\"><figure class=\"wp-block-media-text__media\"><img loading=\"lazy\" decoding=\"async\" width=\"1024\" height=\"1004\" src=\"http:\/\/cydordencalatrava.es\/wp-content\/uploads\/2020\/08\/ciudadrealdigital-1024x1004.png\" alt=\"\" class=\"wp-image-184 size-full\" srcset=\"https:\/\/cydordencalatrava.es\/wp-content\/uploads\/2020\/08\/ciudadrealdigital-1024x1004.png 1024w, https:\/\/cydordencalatrava.es\/wp-content\/uploads\/2020\/08\/ciudadrealdigital-300x294.png 300w, https:\/\/cydordencalatrava.es\/wp-content\/uploads\/2020\/08\/ciudadrealdigital-768x753.png 768w, https:\/\/cydordencalatrava.es\/wp-content\/uploads\/2020\/08\/ciudadrealdigital-1200x1177.png 1200w, https:\/\/cydordencalatrava.es\/wp-content\/uploads\/2020\/08\/ciudadrealdigital.png 1311w\" sizes=\"auto, (max-width: 1024px) 100vw, 1024px\" \/><\/figure><div class=\"wp-block-media-text__content\">\n<p><a href=\"https:\/\/www.ciudadrealdigital.es\/noticias\/22227\/La\/recreacion\/de\/la\/Batalla\/de\/Alarcos\/y\/otros\/atractivos\/preludio\/de\/las\/Fiestas\/patronales\/de\/Santa\/M\/Magdalena\/en\/Poblete\">Enlace<\/a><\/p>\n<\/div><\/div>\n\n\n\n<h3 class=\"wp-block-heading\"><span style=\"font-size: 40px; font-weight: bold; letter-spacing: -0.0415625em; font-family: 'Inter var', -apple-system, BlinkMacSystemFont, 'Helvetica Neue', Helvetica, sans-serif;\">Lanza<\/span>  <span style=\"font-size: 40px; font-weight: bold; letter-spacing: -0.0415625em; font-family: 'Inter var', -apple-system, BlinkMacSystemFont, 'Helvetica Neue', Helvetica, sans-serif;\">Digital<\/span><\/h3>\n\n\n\n<div class=\"wp-block-media-text alignwide is-stacked-on-mobile\"><figure class=\"wp-block-media-text__media\"><img loading=\"lazy\" decoding=\"async\" width=\"1024\" height=\"625\" src=\"http:\/\/cydordencalatrava.es\/wp-content\/uploads\/2020\/08\/lanzaDigital2-1024x625.png\" alt=\"\" class=\"wp-image-189 size-full\" srcset=\"https:\/\/cydordencalatrava.es\/wp-content\/uploads\/2020\/08\/lanzaDigital2-1024x625.png 1024w, https:\/\/cydordencalatrava.es\/wp-content\/uploads\/2020\/08\/lanzaDigital2-300x183.png 300w, https:\/\/cydordencalatrava.es\/wp-content\/uploads\/2020\/08\/lanzaDigital2-768x469.png 768w, https:\/\/cydordencalatrava.es\/wp-content\/uploads\/2020\/08\/lanzaDigital2-1536x937.png 1536w, https:\/\/cydordencalatrava.es\/wp-content\/uploads\/2020\/08\/lanzaDigital2-2048x1250.png 2048w, https:\/\/cydordencalatrava.es\/wp-content\/uploads\/2020\/08\/lanzaDigital2-1200x732.png 1200w, https:\/\/cydordencalatrava.es\/wp-content\/uploads\/2020\/08\/lanzaDigital2-1980x1208.png 1980w\" sizes=\"auto, (max-width: 1024px) 100vw, 1024px\" \/><\/figure><div class=\"wp-block-media-text__content\">\n<p><a href=\"https:\/\/www.lanzadigital.com\/provincia\/unos-120-recreadores-comienzan-hoy-a-escenificar-la-batalla-de-alarcos\/\">Enlace<\/a><\/p>\n\n\n\n<p><a href=\"https:\/\/www.lanzadigital.com\/provincia\/unos-120-recreadores-comienzan-hoy-a-escenificar-la-batalla-de-alarcos\/\">Enlace<\/a><\/p>\n<\/div><\/div>\n\n\n\n<div class=\"wp-block-media-text alignwide is-stacked-on-mobile\"><figure class=\"wp-block-media-text__media\"><img loading=\"lazy\" decoding=\"async\" width=\"745\" height=\"1024\" src=\"http:\/\/cydordencalatrava.es\/wp-content\/uploads\/2021\/12\/15_07_2015.p1-745x1024.png\" alt=\"\" class=\"wp-image-567 size-full\" srcset=\"https:\/\/cydordencalatrava.es\/wp-content\/uploads\/2021\/12\/15_07_2015.p1-745x1024.png 745w, https:\/\/cydordencalatrava.es\/wp-content\/uploads\/2021\/12\/15_07_2015.p1-218x300.png 218w, https:\/\/cydordencalatrava.es\/wp-content\/uploads\/2021\/12\/15_07_2015.p1-768x1056.png 768w, https:\/\/cydordencalatrava.es\/wp-content\/uploads\/2021\/12\/15_07_2015.p1-1117x1536.png 1117w, https:\/\/cydordencalatrava.es\/wp-content\/uploads\/2021\/12\/15_07_2015.p1.png 1302w\" sizes=\"auto, (max-width: 745px) 100vw, 745px\" \/><\/figure><div class=\"wp-block-media-text__content\">\n<p><a href=\"https:\/\/ceclmdigital2.uclm.es\/pandora\/\/viewer.vm?id=0001838516&amp;page=7&amp;search=120%20recreadores&amp;lang=es&amp;view=lanza\">Enlace<\/a><\/p>\n<\/div><\/div>\n\n\n\n<div class=\"wp-block-media-text alignwide is-stacked-on-mobile\"><figure class=\"wp-block-media-text__media\"><img loading=\"lazy\" decoding=\"async\" width=\"746\" height=\"1024\" src=\"https:\/\/cydordencalatrava.es\/wp-content\/uploads\/2021\/12\/poblete_2-746x1024.png\" alt=\"\" class=\"wp-image-568 size-full\" srcset=\"https:\/\/cydordencalatrava.es\/wp-content\/uploads\/2021\/12\/poblete_2-746x1024.png 746w, https:\/\/cydordencalatrava.es\/wp-content\/uploads\/2021\/12\/poblete_2-219x300.png 219w, https:\/\/cydordencalatrava.es\/wp-content\/uploads\/2021\/12\/poblete_2-768x1054.png 768w, https:\/\/cydordencalatrava.es\/wp-content\/uploads\/2021\/12\/poblete_2-1119x1536.png 1119w, https:\/\/cydordencalatrava.es\/wp-content\/uploads\/2021\/12\/poblete_2.png 1304w\" sizes=\"auto, (max-width: 746px) 100vw, 746px\" \/><\/figure><div class=\"wp-block-media-text__content\">\n<p><a href=\"https:\/\/ceclmdigital2.uclm.es\/pandora\/\/viewer.vm?id=0001833324&amp;page=9&amp;search=120%20recreadores&amp;lang=es&amp;view=lanza\">Enlace<\/a><\/p>\n<\/div><\/div>\n\n\n\n<h3 class=\"has-text-align-left wp-block-heading\"><span style=\"font-size: 40px; font-weight: bold; letter-spacing: -0.0415625em; font-family: 'Inter var', -apple-system, BlinkMacSystemFont, 'Helvetica Neue', Helvetica, sans-serif;\">El Diario Monta\u00f1\u00e9s<\/span><\/h3>\n\n\n\n<div class=\"wp-block-media-text alignwide is-stacked-on-mobile\" style=\"grid-template-columns:30% auto\"><figure class=\"wp-block-media-text__media\"><img loading=\"lazy\" decoding=\"async\" width=\"637\" height=\"1024\" src=\"http:\/\/cydordencalatrava.es\/wp-content\/uploads\/2020\/08\/montanes-637x1024.png\" alt=\"\" class=\"wp-image-203 size-full\" srcset=\"https:\/\/cydordencalatrava.es\/wp-content\/uploads\/2020\/08\/montanes-637x1024.png 637w, https:\/\/cydordencalatrava.es\/wp-content\/uploads\/2020\/08\/montanes-187x300.png 187w, https:\/\/cydordencalatrava.es\/wp-content\/uploads\/2020\/08\/montanes-768x1234.png 768w, https:\/\/cydordencalatrava.es\/wp-content\/uploads\/2020\/08\/montanes-956x1536.png 956w, https:\/\/cydordencalatrava.es\/wp-content\/uploads\/2020\/08\/montanes.png 988w\" sizes=\"auto, (max-width: 637px) 100vw, 637px\" \/><\/figure><div class=\"wp-block-media-text__content\">\n<p><a href=\"https:\/\/www.eldiariomontanes.es\/planes\/laredo-prepara-recibir-20180920193313-nt.html?ref=https:%2F%2Fwww.google.com%2F\">Enlace<\/a><\/p>\n<\/div><\/div>\n\n\n\n<h3 class=\"wp-block-heading\"><span style=\"font-size: 40px; font-weight: bold; letter-spacing: -0.0415625em; font-family: 'Inter var', -apple-system, BlinkMacSystemFont, 'Helvetica Neue', Helvetica, sans-serif;\">The World News<\/span><\/h3>\n\n\n\n<div class=\"wp-block-media-text alignwide is-stacked-on-mobile\"><figure class=\"wp-block-media-text__media\"><img loading=\"lazy\" decoding=\"async\" width=\"761\" height=\"1024\" src=\"http:\/\/cydordencalatrava.es\/wp-content\/uploads\/2020\/08\/news-761x1024.png\" alt=\"\" class=\"wp-image-204 size-full\" srcset=\"https:\/\/cydordencalatrava.es\/wp-content\/uploads\/2020\/08\/news-761x1024.png 761w, https:\/\/cydordencalatrava.es\/wp-content\/uploads\/2020\/08\/news-223x300.png 223w, https:\/\/cydordencalatrava.es\/wp-content\/uploads\/2020\/08\/news-768x1034.png 768w, https:\/\/cydordencalatrava.es\/wp-content\/uploads\/2020\/08\/news-1141x1536.png 1141w, https:\/\/cydordencalatrava.es\/wp-content\/uploads\/2020\/08\/news-1200x1615.png 1200w, https:\/\/cydordencalatrava.es\/wp-content\/uploads\/2020\/08\/news.png 1385w\" sizes=\"auto, (max-width: 761px) 100vw, 761px\" \/><\/figure><div class=\"wp-block-media-text__content\">\n<p><a href=\"https:\/\/twnews.es\/es-news\/la-playa-salve-acoge-esta-tarde-la-recreacion-de-la-llegada-del-emperador-carlos-v-al-puerto-de-la-villa\">Enlace<\/a><\/p>\n<\/div><\/div>\n\n\n\n<h3 class=\"wp-block-heading\">                                           <\/h3>\n","protected":false},"excerpt":{"rendered":"<p>Estamos orgullosos de contribuir a la divulgaci\u00f3n, entre ellas destacamos las obras de uno de nuestros miembros, Manuel Jesus Ruiz Moreno en la serie \u00abGuerreros y batallas\u00bb. Estas son algunas de las publicaciones en las que hemos colaborado: Guerreros y Batallas&nbsp; n\u00ba101 Batalla de Alarcos 1195 Autor: Manuel Jesus Ruiz Moreno ISBN: 9788492714810 No hab\u00eda [&hellip;]<\/p>\n","protected":false},"author":1,"featured_media":0,"parent":0,"menu_order":0,"comment_status":"closed","ping_status":"closed","template":"","meta":{"footnotes":"","_links_to":"","_links_to_target":""},"class_list":["post-122","page","type-page","status-publish","hentry"],"yoast_head":"<!-- This site is optimized with the Yoast SEO plugin v17.8 - https:\/\/yoast.com\/wordpress\/plugins\/seo\/ -->\n<title>Publicaciones - Caballeros y damas de la orden de calatrava<\/title>\n<meta name=\"robots\" content=\"index, follow, max-snippet:-1, max-image-preview:large, max-video-preview:-1\" \/>\n<link rel=\"canonical\" href=\"https:\/\/cydordencalatrava.es\/index.php\/publicaciones\/\" \/>\n<meta property=\"og:locale\" content=\"es_ES\" \/>\n<meta property=\"og:type\" content=\"article\" \/>\n<meta property=\"og:title\" content=\"Publicaciones - Caballeros y damas de la orden de calatrava\" \/>\n<meta property=\"og:description\" content=\"Estamos orgullosos de contribuir a la divulgaci\u00f3n, entre ellas destacamos las obras de uno de nuestros miembros, Manuel Jesus Ruiz Moreno en la serie \u00abGuerreros y batallas\u00bb. Estas son algunas de las publicaciones en las que hemos colaborado: Guerreros y Batallas&nbsp; n\u00ba101 Batalla de Alarcos 1195 Autor: Manuel Jesus Ruiz Moreno ISBN: 9788492714810 No hab\u00eda [&hellip;]\" \/>\n<meta property=\"og:url\" content=\"https:\/\/cydordencalatrava.es\/index.php\/publicaciones\/\" \/>\n<meta property=\"og:site_name\" content=\"Caballeros y damas de la orden de calatrava\" \/>\n<meta property=\"article:modified_time\" content=\"2021-12-11T22:26:36+00:00\" \/>\n<meta property=\"og:image\" content=\"http:\/\/cydordencalatrava.es\/wp-content\/uploads\/2020\/07\/GB_101_ALARCOS_baj_m.jpg\" \/>\n<meta name=\"twitter:card\" content=\"summary_large_image\" \/>\n<meta name=\"twitter:label1\" content=\"Tiempo de lectura\" \/>\n\t<meta name=\"twitter:data1\" content=\"11 minutos\" \/>\n<script type=\"application\/ld+json\" class=\"yoast-schema-graph\">{\"@context\":\"https:\/\/schema.org\",\"@graph\":[{\"@type\":\"WebSite\",\"@id\":\"https:\/\/cydordencalatrava.es\/#website\",\"url\":\"https:\/\/cydordencalatrava.es\/\",\"name\":\"Caballeros y damas de la orden de calatrava\",\"description\":\"\",\"potentialAction\":[{\"@type\":\"SearchAction\",\"target\":{\"@type\":\"EntryPoint\",\"urlTemplate\":\"https:\/\/cydordencalatrava.es\/?s={search_term_string}\"},\"query-input\":\"required name=search_term_string\"}],\"inLanguage\":\"es\"},{\"@type\":\"ImageObject\",\"@id\":\"https:\/\/cydordencalatrava.es\/index.php\/publicaciones\/#primaryimage\",\"inLanguage\":\"es\",\"url\":\"http:\/\/cydordencalatrava.es\/wp-content\/uploads\/2020\/07\/GB_101_ALARCOS_baj_m.jpg\",\"contentUrl\":\"http:\/\/cydordencalatrava.es\/wp-content\/uploads\/2020\/07\/GB_101_ALARCOS_baj_m.jpg\"},{\"@type\":\"WebPage\",\"@id\":\"https:\/\/cydordencalatrava.es\/index.php\/publicaciones\/#webpage\",\"url\":\"https:\/\/cydordencalatrava.es\/index.php\/publicaciones\/\",\"name\":\"Publicaciones - Caballeros y damas de la orden de calatrava\",\"isPartOf\":{\"@id\":\"https:\/\/cydordencalatrava.es\/#website\"},\"primaryImageOfPage\":{\"@id\":\"https:\/\/cydordencalatrava.es\/index.php\/publicaciones\/#primaryimage\"},\"datePublished\":\"2020-07-12T16:20:07+00:00\",\"dateModified\":\"2021-12-11T22:26:36+00:00\",\"breadcrumb\":{\"@id\":\"https:\/\/cydordencalatrava.es\/index.php\/publicaciones\/#breadcrumb\"},\"inLanguage\":\"es\",\"potentialAction\":[{\"@type\":\"ReadAction\",\"target\":[\"https:\/\/cydordencalatrava.es\/index.php\/publicaciones\/\"]}]},{\"@type\":\"BreadcrumbList\",\"@id\":\"https:\/\/cydordencalatrava.es\/index.php\/publicaciones\/#breadcrumb\",\"itemListElement\":[{\"@type\":\"ListItem\",\"position\":1,\"name\":\"Portada\",\"item\":\"https:\/\/cydordencalatrava.es\/\"},{\"@type\":\"ListItem\",\"position\":2,\"name\":\"Publicaciones\"}]}]}<\/script>\n<!-- \/ Yoast SEO plugin. -->","yoast_head_json":{"title":"Publicaciones - Caballeros y damas de la orden de calatrava","robots":{"index":"index","follow":"follow","max-snippet":"max-snippet:-1","max-image-preview":"max-image-preview:large","max-video-preview":"max-video-preview:-1"},"canonical":"https:\/\/cydordencalatrava.es\/index.php\/publicaciones\/","og_locale":"es_ES","og_type":"article","og_title":"Publicaciones - Caballeros y damas de la orden de calatrava","og_description":"Estamos orgullosos de contribuir a la divulgaci\u00f3n, entre ellas destacamos las obras de uno de nuestros miembros, Manuel Jesus Ruiz Moreno en la serie \u00abGuerreros y batallas\u00bb. Estas son algunas de las publicaciones en las que hemos colaborado: Guerreros y Batallas&nbsp; n\u00ba101 Batalla de Alarcos 1195 Autor: Manuel Jesus Ruiz Moreno ISBN: 9788492714810 No hab\u00eda [&hellip;]","og_url":"https:\/\/cydordencalatrava.es\/index.php\/publicaciones\/","og_site_name":"Caballeros y damas de la orden de calatrava","article_modified_time":"2021-12-11T22:26:36+00:00","og_image":[{"url":"http:\/\/cydordencalatrava.es\/wp-content\/uploads\/2020\/07\/GB_101_ALARCOS_baj_m.jpg"}],"twitter_card":"summary_large_image","twitter_misc":{"Tiempo de lectura":"11 minutos"},"schema":{"@context":"https:\/\/schema.org","@graph":[{"@type":"WebSite","@id":"https:\/\/cydordencalatrava.es\/#website","url":"https:\/\/cydordencalatrava.es\/","name":"Caballeros y damas de la orden de calatrava","description":"","potentialAction":[{"@type":"SearchAction","target":{"@type":"EntryPoint","urlTemplate":"https:\/\/cydordencalatrava.es\/?s={search_term_string}"},"query-input":"required name=search_term_string"}],"inLanguage":"es"},{"@type":"ImageObject","@id":"https:\/\/cydordencalatrava.es\/index.php\/publicaciones\/#primaryimage","inLanguage":"es","url":"http:\/\/cydordencalatrava.es\/wp-content\/uploads\/2020\/07\/GB_101_ALARCOS_baj_m.jpg","contentUrl":"http:\/\/cydordencalatrava.es\/wp-content\/uploads\/2020\/07\/GB_101_ALARCOS_baj_m.jpg"},{"@type":"WebPage","@id":"https:\/\/cydordencalatrava.es\/index.php\/publicaciones\/#webpage","url":"https:\/\/cydordencalatrava.es\/index.php\/publicaciones\/","name":"Publicaciones - Caballeros y damas de la orden de calatrava","isPartOf":{"@id":"https:\/\/cydordencalatrava.es\/#website"},"primaryImageOfPage":{"@id":"https:\/\/cydordencalatrava.es\/index.php\/publicaciones\/#primaryimage"},"datePublished":"2020-07-12T16:20:07+00:00","dateModified":"2021-12-11T22:26:36+00:00","breadcrumb":{"@id":"https:\/\/cydordencalatrava.es\/index.php\/publicaciones\/#breadcrumb"},"inLanguage":"es","potentialAction":[{"@type":"ReadAction","target":["https:\/\/cydordencalatrava.es\/index.php\/publicaciones\/"]}]},{"@type":"BreadcrumbList","@id":"https:\/\/cydordencalatrava.es\/index.php\/publicaciones\/#breadcrumb","itemListElement":[{"@type":"ListItem","position":1,"name":"Portada","item":"https:\/\/cydordencalatrava.es\/"},{"@type":"ListItem","position":2,"name":"Publicaciones"}]}]}},"_links":{"self":[{"href":"https:\/\/cydordencalatrava.es\/index.php\/wp-json\/wp\/v2\/pages\/122","targetHints":{"allow":["GET"]}}],"collection":[{"href":"https:\/\/cydordencalatrava.es\/index.php\/wp-json\/wp\/v2\/pages"}],"about":[{"href":"https:\/\/cydordencalatrava.es\/index.php\/wp-json\/wp\/v2\/types\/page"}],"author":[{"embeddable":true,"href":"https:\/\/cydordencalatrava.es\/index.php\/wp-json\/wp\/v2\/users\/1"}],"replies":[{"embeddable":true,"href":"https:\/\/cydordencalatrava.es\/index.php\/wp-json\/wp\/v2\/comments?post=122"}],"version-history":[{"count":19,"href":"https:\/\/cydordencalatrava.es\/index.php\/wp-json\/wp\/v2\/pages\/122\/revisions"}],"predecessor-version":[{"id":574,"href":"https:\/\/cydordencalatrava.es\/index.php\/wp-json\/wp\/v2\/pages\/122\/revisions\/574"}],"wp:attachment":[{"href":"https:\/\/cydordencalatrava.es\/index.php\/wp-json\/wp\/v2\/media?parent=122"}],"curies":[{"name":"wp","href":"https:\/\/api.w.org\/{rel}","templated":true}]}}