{"id":26,"date":"2018-12-15T18:06:50","date_gmt":"2018-12-15T18:06:50","guid":{"rendered":"http:\/\/cydordencalatrava.es\/?page_id=26"},"modified":"2020-07-12T17:10:50","modified_gmt":"2020-07-12T17:10:50","slug":"siglo-xii","status":"publish","type":"page","link":"https:\/\/cydordencalatrava.es\/index.php\/siglo-xii\/","title":{"rendered":"Siglo XII"},"content":{"rendered":"\r\n<p><strong>SIGLO XII : Batalla de Alarcos.\u00a0<\/strong>desde 2015 en\u00a0Poblete (Ciudad Real)<\/p>\r\n\r\n\r\n\r\n<p>La\u00a0<strong>batalla de Alarcos<\/strong>\u00a0(en\u00a0<a href=\"https:\/\/es.wikipedia.org\/wiki\/Idioma_%C3%A1rabe\">\u00e1rabe<\/a>: \u0645\u0639\u0631\u0643\u0629 \u0627\u0644\u0623\u0631\u0643 ma\u2019rakat al-Arak) fue una batalla librada junto al castillo de\u00a0<a href=\"https:\/\/es.wikipedia.org\/wiki\/Alarcos\">Alarcos<\/a>\u00a0(en\u00a0<a href=\"https:\/\/es.wikipedia.org\/wiki\/Idioma_%C3%A1rabe\">\u00e1rabe<\/a>: al-Arak \u0627\u0644\u0623\u0631\u0643), situado en un cerro a cuyos pies corre el r\u00edo\u00a0<a href=\"https:\/\/es.wikipedia.org\/wiki\/Guadiana\">Guadiana<\/a>, cerca de\u00a0<a href=\"https:\/\/es.wikipedia.org\/wiki\/Ciudad_Real\">Ciudad Real<\/a>\u00a0(<a href=\"https:\/\/es.wikipedia.org\/wiki\/Espa%C3%B1a\">Espa\u00f1a<\/a>), el\u00a0<a href=\"https:\/\/es.wikipedia.org\/wiki\/19_de_julio\">19 de julio<\/a>\u00a0de\u00a0<a href=\"https:\/\/es.wikipedia.org\/wiki\/1195\">1195<\/a>, entre las tropas\u00a0<a href=\"https:\/\/es.wikipedia.org\/wiki\/Cristianismo\">cristianas<\/a>\u00a0de\u00a0<a href=\"https:\/\/es.wikipedia.org\/wiki\/Alfonso_VIII_de_Castilla\">Alfonso VIII de Castilla<\/a>\u00a0y las\u00a0<a href=\"https:\/\/es.wikipedia.org\/wiki\/Almohade\">almohades<\/a>\u00a0de\u00a0<a href=\"https:\/\/es.wikipedia.org\/wiki\/Abu_Yaqub_Yusuf_al-Mansur\">Ab\u016b Ya\u2019q\u016bb Y\u016bsuf al-Mans\u016br<\/a>\u00a0(Yusuf II), sald\u00e1ndose con la derrota para las tropas cristianas, la cual desestabiliz\u00f3 por completo al\u00a0<a href=\"https:\/\/es.wikipedia.org\/wiki\/Reino_de_Castilla\">Reino de Castilla<\/a>\u00a0y fren\u00f3 todo intento de\u00a0<a href=\"https:\/\/es.wikipedia.org\/wiki\/Reconquista\">reconquista<\/a>\u00a0hasta la\u00a0<a href=\"https:\/\/es.wikipedia.org\/wiki\/Batalla_de_Las_Navas_de_Tolosa\">batalla de Las Navas de Tolosa<\/a>. (fuente https:\/\/es.wikipedia.org\/wiki\/Batalla_de_Alarcos).<\/p>\r\n\r\n\r\n\r\n<figure class=\"wp-block-image\"><img loading=\"lazy\" decoding=\"async\" width=\"960\" height=\"399\" class=\"wp-image-27\" src=\"http:\/\/cydordencalatrava.es\/wp-content\/uploads\/2018\/12\/21740230_1969778806627547_2966145521606495625_n.jpg\" alt=\"\" srcset=\"https:\/\/cydordencalatrava.es\/wp-content\/uploads\/2018\/12\/21740230_1969778806627547_2966145521606495625_n.jpg 960w, https:\/\/cydordencalatrava.es\/wp-content\/uploads\/2018\/12\/21740230_1969778806627547_2966145521606495625_n-300x125.jpg 300w, https:\/\/cydordencalatrava.es\/wp-content\/uploads\/2018\/12\/21740230_1969778806627547_2966145521606495625_n-768x319.jpg 768w\" sizes=\"auto, (max-width: 960px) 100vw, 960px\" \/><\/figure>\r\n\r\n\r\n\r\n<figure class=\"wp-block-image\"><img loading=\"lazy\" decoding=\"async\" width=\"960\" height=\"719\" class=\"wp-image-28\" src=\"http:\/\/cydordencalatrava.es\/wp-content\/uploads\/2018\/12\/21728205_1969779016627526_7312633213300701265_n.jpg\" alt=\"\" srcset=\"https:\/\/cydordencalatrava.es\/wp-content\/uploads\/2018\/12\/21728205_1969779016627526_7312633213300701265_n.jpg 960w, https:\/\/cydordencalatrava.es\/wp-content\/uploads\/2018\/12\/21728205_1969779016627526_7312633213300701265_n-300x225.jpg 300w, https:\/\/cydordencalatrava.es\/wp-content\/uploads\/2018\/12\/21728205_1969779016627526_7312633213300701265_n-768x575.jpg 768w\" sizes=\"auto, (max-width: 960px) 100vw, 960px\" \/><\/figure>\r\n\r\n\r\n\r\n<p>Ambos bandos se ven las caras<\/p>\r\n\r\n\r\n\r\n<figure class=\"wp-block-image\"><img loading=\"lazy\" decoding=\"async\" width=\"768\" height=\"615\" class=\"wp-image-29\" src=\"http:\/\/cydordencalatrava.es\/wp-content\/uploads\/2018\/12\/21728195_1969780533294041_343267913013764177_n-768x615.jpg\" alt=\"\" srcset=\"https:\/\/cydordencalatrava.es\/wp-content\/uploads\/2018\/12\/21728195_1969780533294041_343267913013764177_n-768x615.jpg 768w, https:\/\/cydordencalatrava.es\/wp-content\/uploads\/2018\/12\/21728195_1969780533294041_343267913013764177_n-768x615-300x240.jpg 300w\" sizes=\"auto, (max-width: 768px) 100vw, 768px\" \/><\/figure>\r\n\r\n\r\n\r\n<p>Calatrava y Santiago no solo pelean por la cristiandad, tambi\u00e9n por defender a las gentes de Alarcos.<\/p>\r\n\r\n\r\n\r\n<figure class=\"wp-block-image\"><img loading=\"lazy\" decoding=\"async\" width=\"960\" height=\"719\" class=\"wp-image-30\" src=\"http:\/\/cydordencalatrava.es\/wp-content\/uploads\/2018\/12\/21730817_1969782476627180_8768068279173184121_n.jpg\" alt=\"\" srcset=\"https:\/\/cydordencalatrava.es\/wp-content\/uploads\/2018\/12\/21730817_1969782476627180_8768068279173184121_n.jpg 960w, https:\/\/cydordencalatrava.es\/wp-content\/uploads\/2018\/12\/21730817_1969782476627180_8768068279173184121_n-300x225.jpg 300w, https:\/\/cydordencalatrava.es\/wp-content\/uploads\/2018\/12\/21730817_1969782476627180_8768068279173184121_n-768x575.jpg 768w\" sizes=\"auto, (max-width: 960px) 100vw, 960px\" \/><\/figure>\r\n\r\n\r\n\r\n<figure class=\"wp-block-image\"><img loading=\"lazy\" decoding=\"async\" width=\"960\" height=\"719\" class=\"wp-image-31\" src=\"http:\/\/cydordencalatrava.es\/wp-content\/uploads\/2018\/12\/21740109_1969783523293742_7289621063659673518_n.jpg\" alt=\"\" srcset=\"https:\/\/cydordencalatrava.es\/wp-content\/uploads\/2018\/12\/21740109_1969783523293742_7289621063659673518_n.jpg 960w, https:\/\/cydordencalatrava.es\/wp-content\/uploads\/2018\/12\/21740109_1969783523293742_7289621063659673518_n-300x225.jpg 300w, https:\/\/cydordencalatrava.es\/wp-content\/uploads\/2018\/12\/21740109_1969783523293742_7289621063659673518_n-768x575.jpg 768w\" sizes=\"auto, (max-width: 960px) 100vw, 960px\" \/><\/figure>\r\n\r\n\r\n\r\n<p>Finalmente Alarcos fue arrasado .<\/p>\r\n","protected":false},"excerpt":{"rendered":"<p>SIGLO XII : Batalla de Alarcos.\u00a0desde 2015 en\u00a0Poblete (Ciudad Real) La\u00a0batalla de Alarcos\u00a0(en\u00a0\u00e1rabe: \u0645\u0639\u0631\u0643\u0629 \u0627\u0644\u0623\u0631\u0643 ma\u2019rakat al-Arak) fue una batalla librada junto al castillo de\u00a0Alarcos\u00a0(en\u00a0\u00e1rabe: al-Arak \u0627\u0644\u0623\u0631\u0643), situado en un cerro a cuyos pies corre el r\u00edo\u00a0Guadiana, cerca de\u00a0Ciudad Real\u00a0(Espa\u00f1a), el\u00a019 de julio\u00a0de\u00a01195, entre las tropas\u00a0cristianas\u00a0de\u00a0Alfonso VIII de Castilla\u00a0y las\u00a0almohades\u00a0de\u00a0Ab\u016b Ya\u2019q\u016bb Y\u016bsuf al-Mans\u016br\u00a0(Yusuf II), sald\u00e1ndose [&hellip;]<\/p>\n","protected":false},"author":1,"featured_media":0,"parent":0,"menu_order":0,"comment_status":"closed","ping_status":"closed","template":"templates\/template-full-width.php","meta":{"footnotes":"","_links_to":"","_links_to_target":""},"class_list":["post-26","page","type-page","status-publish","hentry"],"yoast_head":"<!-- This site is optimized with the Yoast SEO plugin v17.8 - https:\/\/yoast.com\/wordpress\/plugins\/seo\/ -->\n<title>Siglo XII - Caballeros y damas de la orden de calatrava<\/title>\n<meta name=\"robots\" content=\"index, follow, max-snippet:-1, max-image-preview:large, max-video-preview:-1\" \/>\n<link rel=\"canonical\" href=\"https:\/\/cydordencalatrava.es\/index.php\/siglo-xii\/\" \/>\n<meta property=\"og:locale\" content=\"es_ES\" \/>\n<meta property=\"og:type\" content=\"article\" \/>\n<meta property=\"og:title\" content=\"Siglo XII - Caballeros y damas de la orden de calatrava\" \/>\n<meta property=\"og:description\" content=\"SIGLO XII : Batalla de Alarcos.\u00a0desde 2015 en\u00a0Poblete (Ciudad Real) La\u00a0batalla de Alarcos\u00a0(en\u00a0\u00e1rabe: \u0645\u0639\u0631\u0643\u0629 \u0627\u0644\u0623\u0631\u0643 ma\u2019rakat al-Arak) fue una batalla librada junto al castillo de\u00a0Alarcos\u00a0(en\u00a0\u00e1rabe: al-Arak \u0627\u0644\u0623\u0631\u0643), situado en un cerro a cuyos pies corre el r\u00edo\u00a0Guadiana, cerca de\u00a0Ciudad Real\u00a0(Espa\u00f1a), el\u00a019 de julio\u00a0de\u00a01195, entre las tropas\u00a0cristianas\u00a0de\u00a0Alfonso VIII de Castilla\u00a0y las\u00a0almohades\u00a0de\u00a0Ab\u016b Ya\u2019q\u016bb Y\u016bsuf al-Mans\u016br\u00a0(Yusuf II), sald\u00e1ndose [&hellip;]\" \/>\n<meta property=\"og:url\" content=\"https:\/\/cydordencalatrava.es\/index.php\/siglo-xii\/\" \/>\n<meta property=\"og:site_name\" content=\"Caballeros y damas de la orden de calatrava\" \/>\n<meta property=\"article:modified_time\" content=\"2020-07-12T17:10:50+00:00\" \/>\n<meta property=\"og:image\" content=\"http:\/\/cydordencalatrava.es\/wp-content\/uploads\/2018\/12\/21740230_1969778806627547_2966145521606495625_n.jpg\" \/>\n<meta name=\"twitter:card\" content=\"summary_large_image\" \/>\n<meta name=\"twitter:label1\" content=\"Tiempo de lectura\" \/>\n\t<meta name=\"twitter:data1\" content=\"1 minuto\" \/>\n<script type=\"application\/ld+json\" class=\"yoast-schema-graph\">{\"@context\":\"https:\/\/schema.org\",\"@graph\":[{\"@type\":\"WebSite\",\"@id\":\"https:\/\/cydordencalatrava.es\/#website\",\"url\":\"https:\/\/cydordencalatrava.es\/\",\"name\":\"Caballeros y damas de la orden de calatrava\",\"description\":\"\",\"potentialAction\":[{\"@type\":\"SearchAction\",\"target\":{\"@type\":\"EntryPoint\",\"urlTemplate\":\"https:\/\/cydordencalatrava.es\/?s={search_term_string}\"},\"query-input\":\"required name=search_term_string\"}],\"inLanguage\":\"es\"},{\"@type\":\"ImageObject\",\"@id\":\"https:\/\/cydordencalatrava.es\/index.php\/siglo-xii\/#primaryimage\",\"inLanguage\":\"es\",\"url\":\"http:\/\/cydordencalatrava.es\/wp-content\/uploads\/2018\/12\/21740230_1969778806627547_2966145521606495625_n.jpg\",\"contentUrl\":\"http:\/\/cydordencalatrava.es\/wp-content\/uploads\/2018\/12\/21740230_1969778806627547_2966145521606495625_n.jpg\"},{\"@type\":\"WebPage\",\"@id\":\"https:\/\/cydordencalatrava.es\/index.php\/siglo-xii\/#webpage\",\"url\":\"https:\/\/cydordencalatrava.es\/index.php\/siglo-xii\/\",\"name\":\"Siglo XII - Caballeros y damas de la orden de calatrava\",\"isPartOf\":{\"@id\":\"https:\/\/cydordencalatrava.es\/#website\"},\"primaryImageOfPage\":{\"@id\":\"https:\/\/cydordencalatrava.es\/index.php\/siglo-xii\/#primaryimage\"},\"datePublished\":\"2018-12-15T18:06:50+00:00\",\"dateModified\":\"2020-07-12T17:10:50+00:00\",\"breadcrumb\":{\"@id\":\"https:\/\/cydordencalatrava.es\/index.php\/siglo-xii\/#breadcrumb\"},\"inLanguage\":\"es\",\"potentialAction\":[{\"@type\":\"ReadAction\",\"target\":[\"https:\/\/cydordencalatrava.es\/index.php\/siglo-xii\/\"]}]},{\"@type\":\"BreadcrumbList\",\"@id\":\"https:\/\/cydordencalatrava.es\/index.php\/siglo-xii\/#breadcrumb\",\"itemListElement\":[{\"@type\":\"ListItem\",\"position\":1,\"name\":\"Portada\",\"item\":\"https:\/\/cydordencalatrava.es\/\"},{\"@type\":\"ListItem\",\"position\":2,\"name\":\"Siglo XII\"}]}]}<\/script>\n<!-- \/ Yoast SEO plugin. -->","yoast_head_json":{"title":"Siglo XII - Caballeros y damas de la orden de calatrava","robots":{"index":"index","follow":"follow","max-snippet":"max-snippet:-1","max-image-preview":"max-image-preview:large","max-video-preview":"max-video-preview:-1"},"canonical":"https:\/\/cydordencalatrava.es\/index.php\/siglo-xii\/","og_locale":"es_ES","og_type":"article","og_title":"Siglo XII - Caballeros y damas de la orden de calatrava","og_description":"SIGLO XII : Batalla de Alarcos.\u00a0desde 2015 en\u00a0Poblete (Ciudad Real) La\u00a0batalla de Alarcos\u00a0(en\u00a0\u00e1rabe: \u0645\u0639\u0631\u0643\u0629 \u0627\u0644\u0623\u0631\u0643 ma\u2019rakat al-Arak) fue una batalla librada junto al castillo de\u00a0Alarcos\u00a0(en\u00a0\u00e1rabe: al-Arak \u0627\u0644\u0623\u0631\u0643), situado en un cerro a cuyos pies corre el r\u00edo\u00a0Guadiana, cerca de\u00a0Ciudad Real\u00a0(Espa\u00f1a), el\u00a019 de julio\u00a0de\u00a01195, entre las tropas\u00a0cristianas\u00a0de\u00a0Alfonso VIII de Castilla\u00a0y las\u00a0almohades\u00a0de\u00a0Ab\u016b Ya\u2019q\u016bb Y\u016bsuf al-Mans\u016br\u00a0(Yusuf II), sald\u00e1ndose [&hellip;]","og_url":"https:\/\/cydordencalatrava.es\/index.php\/siglo-xii\/","og_site_name":"Caballeros y damas de la orden de calatrava","article_modified_time":"2020-07-12T17:10:50+00:00","og_image":[{"url":"http:\/\/cydordencalatrava.es\/wp-content\/uploads\/2018\/12\/21740230_1969778806627547_2966145521606495625_n.jpg"}],"twitter_card":"summary_large_image","twitter_misc":{"Tiempo de lectura":"1 minuto"},"schema":{"@context":"https:\/\/schema.org","@graph":[{"@type":"WebSite","@id":"https:\/\/cydordencalatrava.es\/#website","url":"https:\/\/cydordencalatrava.es\/","name":"Caballeros y damas de la orden de calatrava","description":"","potentialAction":[{"@type":"SearchAction","target":{"@type":"EntryPoint","urlTemplate":"https:\/\/cydordencalatrava.es\/?s={search_term_string}"},"query-input":"required name=search_term_string"}],"inLanguage":"es"},{"@type":"ImageObject","@id":"https:\/\/cydordencalatrava.es\/index.php\/siglo-xii\/#primaryimage","inLanguage":"es","url":"http:\/\/cydordencalatrava.es\/wp-content\/uploads\/2018\/12\/21740230_1969778806627547_2966145521606495625_n.jpg","contentUrl":"http:\/\/cydordencalatrava.es\/wp-content\/uploads\/2018\/12\/21740230_1969778806627547_2966145521606495625_n.jpg"},{"@type":"WebPage","@id":"https:\/\/cydordencalatrava.es\/index.php\/siglo-xii\/#webpage","url":"https:\/\/cydordencalatrava.es\/index.php\/siglo-xii\/","name":"Siglo XII - Caballeros y damas de la orden de calatrava","isPartOf":{"@id":"https:\/\/cydordencalatrava.es\/#website"},"primaryImageOfPage":{"@id":"https:\/\/cydordencalatrava.es\/index.php\/siglo-xii\/#primaryimage"},"datePublished":"2018-12-15T18:06:50+00:00","dateModified":"2020-07-12T17:10:50+00:00","breadcrumb":{"@id":"https:\/\/cydordencalatrava.es\/index.php\/siglo-xii\/#breadcrumb"},"inLanguage":"es","potentialAction":[{"@type":"ReadAction","target":["https:\/\/cydordencalatrava.es\/index.php\/siglo-xii\/"]}]},{"@type":"BreadcrumbList","@id":"https:\/\/cydordencalatrava.es\/index.php\/siglo-xii\/#breadcrumb","itemListElement":[{"@type":"ListItem","position":1,"name":"Portada","item":"https:\/\/cydordencalatrava.es\/"},{"@type":"ListItem","position":2,"name":"Siglo XII"}]}]}},"_links":{"self":[{"href":"https:\/\/cydordencalatrava.es\/index.php\/wp-json\/wp\/v2\/pages\/26","targetHints":{"allow":["GET"]}}],"collection":[{"href":"https:\/\/cydordencalatrava.es\/index.php\/wp-json\/wp\/v2\/pages"}],"about":[{"href":"https:\/\/cydordencalatrava.es\/index.php\/wp-json\/wp\/v2\/types\/page"}],"author":[{"embeddable":true,"href":"https:\/\/cydordencalatrava.es\/index.php\/wp-json\/wp\/v2\/users\/1"}],"replies":[{"embeddable":true,"href":"https:\/\/cydordencalatrava.es\/index.php\/wp-json\/wp\/v2\/comments?post=26"}],"version-history":[{"count":2,"href":"https:\/\/cydordencalatrava.es\/index.php\/wp-json\/wp\/v2\/pages\/26\/revisions"}],"predecessor-version":[{"id":157,"href":"https:\/\/cydordencalatrava.es\/index.php\/wp-json\/wp\/v2\/pages\/26\/revisions\/157"}],"wp:attachment":[{"href":"https:\/\/cydordencalatrava.es\/index.php\/wp-json\/wp\/v2\/media?parent=26"}],"curies":[{"name":"wp","href":"https:\/\/api.w.org\/{rel}","templated":true}]}}